{"id":547,"date":"2025-12-13T15:47:15","date_gmt":"2025-12-13T15:47:15","guid":{"rendered":"https:\/\/taorayinareservanatural.com\/?page_id=547"},"modified":"2026-07-18T15:27:57","modified_gmt":"2026-07-18T15:27:57","slug":"immersion-return-to-the-heart","status":"publish","type":"page","link":"https:\/\/taorayinareservanatural.com\/es\/immersion-return-to-the-heart\/","title":{"rendered":"Inmersi\u00f3n: Retorno al coraz\u00f3n"},"content":{"rendered":"<div id=\"fws_6a9938c9a5c10\"  data-column-margin=\"default\" data-midnight=\"dark\"  class=\"wpb_row vc_row-fluid vc_row\"  style=\"padding-top: 0px; padding-bottom: 0px; \"><div class=\"row-bg-wrap\" data-bg-animation=\"none\" data-bg-overlay=\"false\"><div class=\"inner-wrap\"><div class=\"row-bg viewport-desktop\"  style=\"\"><\/div><\/div><\/div><div class=\"row_col_wrap_12 col span_12 dark left\">\n\t<div  class=\"vc_col-sm-12 wpb_column column_container vc_column_container col no-extra-padding inherit_tablet inherit_phone\"  data-padding-pos=\"all\" data-has-bg-color=\"false\" data-bg-color=\"\" data-bg-opacity=\"1\" data-animation=\"\" data-delay=\"0\" >\n\t\t<div class=\"vc_column-inner\" >\n\t\t\t<div class=\"wpb_wrapper\">\n\t\t\t\t<div class=\"nectar-highlighted-text\" data-style=\"full_text\" data-exp=\"default\" data-using-custom-color=\"false\" data-animation-delay=\"false\" data-color=\"\" data-color-gradient=\"\" style=\"\">\n<h1>Inmersi\u00f3n: Retorno al coraz\u00f3n<\/h1>\n<\/div>\n<div class=\"wpb_text_column wpb_content_element\" style=\" max-width: 800px; display: inline-block;\">\n\t<div class=\"wpb_wrapper\">\n\t\t<p class=\"translation-block\">Conoce nuestro detallado programa \"Regreso al Coraz\u00f3n\". Descubre nuestras ceremonias, rituales, pr\u00e1cticas de yoga y el prop\u00f3sito detr\u00e1s de cada encuentro en el territorio sagrado de la <b data-path-to-node=\"5,0\" data-index-in-node=\"177\">Sierra Nevada de Santa Marta. Comienza hoy tu viaje hacia la reconexi\u00f3n interior.<\/b><\/p>\n\t<\/div>\n<\/div>\n\n\n\n<div class=\"divider-wrap\" data-alignment=\"default\"><div style=\"height: 20px;\" class=\"divider\"><\/div><\/div><div class=\"nectar-cta  alignment_tablet_default alignment_phone_default display_tablet_inherit display_phone_inherit\" data-color=\"default\" data-using-bg=\"false\" data-style=\"arrow-animation\" data-display=\"block\" data-alignment=\"left\" data-text-color=\"std\" ><h6><span class=\"link_wrap\" ><a  class=\"link_text\" href=\"https:\/\/taorayinareservanatural.com\/wp-content\/uploads\/2026\/04\/Return-to-the-heart-Taorayina.pdf\"><span class=\"text\">Descarga la gu\u00eda del programa<\/span><svg class=\"next-arrow\" aria-hidden=\"true\" width=\"20px\" height=\"25px\" viewbox=\"0 0 50 80\" xml:space=\"preserve\">\n  <polyline stroke=\"#ffffff\" stroke-width=\"9\" fill=\"none\" stroke-linecap=\"round\" stroke-linejoin=\"round\" points=\"0, 0 45, 40 0, 80\"\/>\n  <\/svg>  <span class=\"line\" ><\/span> <\/a><\/span><\/h6><\/div>\n\t\t\t<\/div> \n\t\t<\/div>\n\t<\/div> \n<\/div><\/div>\n\t\t<div id=\"fws_6a9938c9a6410\"  data-column-margin=\"default\" data-midnight=\"dark\"  class=\"wpb_row vc_row-fluid vc_row\"  style=\"padding-top: 0px; padding-bottom: 0px; \"><div class=\"row-bg-wrap\" data-bg-animation=\"none\" data-bg-overlay=\"false\"><div class=\"inner-wrap\"><div class=\"row-bg viewport-desktop\"  style=\"\"><\/div><\/div><\/div><div class=\"row_col_wrap_12 col span_12 dark left\">\n\t<div  class=\"vc_col-sm-8 wpb_column column_container vc_column_container col no-extra-padding inherit_tablet inherit_phone\"  data-padding-pos=\"all\" data-has-bg-color=\"false\" data-bg-color=\"\" data-bg-opacity=\"1\" data-animation=\"\" data-delay=\"0\" >\n\t\t<div class=\"vc_column-inner\" >\n\t\t\t<div class=\"wpb_wrapper\">\n\t\t\t\t\n<div class=\"wpb_text_column wpb_content_element\" style=\" max-width: 800px; display: inline-block;\">\n\t<div class=\"wpb_wrapper\">\n\t\t<p><strong>Pr\u00f3ximas fechas.<\/strong><\/p>\n\t<\/div>\n<\/div>\n\n\n\n<div class=\"divider-wrap\" data-alignment=\"default\"><div style=\"height: 20px;\" class=\"divider\"><\/div><\/div>\n<div class=\"wpb_text_column wpb_content_element\" style=\" max-width: 800px; display: inline-block;\">\n\t<div class=\"wpb_wrapper\">\n\t\t<div class=\"retreat-dates-container\" style=\"display: flex; gap: 40px; font-family: sans-serif; color: #333; flex-wrap: wrap;\"><!-- Bloque 2026 --><\/p>\n<div style=\"flex: 1; min-width: 250px;\">\n<h4 style=\"margin-bottom: 15px; border-bottom: 1px solid #d4d4d4; padding-bottom: 5px;\">2026<\/h4>\n<ul style=\"list-style: none; padding: 0;\">\n<li style=\"margin-bottom: 10px;\">\ud83d\udcc5 Oct 22 \u2013 26<\/li>\n<li style=\"margin-bottom: 10px;\">\ud83d\udcc5 Dec 10 \u2013 14<\/li>\n<\/ul>\n<\/div>\n<p><!-- Bloque 2027 --><\/p>\n<div style=\"flex: 1; min-width: 250px;\">\n<h4 style=\"margin-bottom: 15px; border-bottom: 1px solid #d4d4d4; padding-bottom: 5px;\">2027<\/h4>\n<ul style=\"list-style: none; padding: 0;\">\n<li style=\"margin-bottom: 10px;\">\ud83d\udcc5 Feb 25 \u2013 Mar 01<\/li>\n<li style=\"margin-bottom: 10px;\">\ud83d\udcc5 May 06 \u2013 10<\/li>\n<\/ul>\n<\/div>\n<\/div>\n\t<\/div>\n<\/div>\n\n\n\n<div class=\"nectar-cta  alignment_tablet_default alignment_phone_default display_tablet_inherit display_phone_inherit\" data-color=\"default\" data-using-bg=\"false\" data-style=\"arrow-animation\" data-display=\"block\" data-alignment=\"left\" data-text-color=\"std\" ><h6><span class=\"link_wrap\" ><a  class=\"link_text\" href=\"#retreat_booking\"><span class=\"text\">Asegura tu lugar<\/span><svg class=\"next-arrow\" aria-hidden=\"true\" width=\"20px\" height=\"25px\" viewbox=\"0 0 50 80\" xml:space=\"preserve\">\n  <polyline stroke=\"#ffffff\" stroke-width=\"9\" fill=\"none\" stroke-linecap=\"round\" stroke-linejoin=\"round\" points=\"0, 0 45, 40 0, 80\"\/>\n  <\/svg>  <span class=\"line\" ><\/span> <\/a><\/span><\/h6><\/div><div class=\"divider-wrap\" data-alignment=\"default\"><div style=\"height: 20px;\" class=\"divider\"><\/div><\/div>\n<div class=\"wpb_text_column wpb_content_element\" style=\" max-width: 800px; display: inline-block;\">\n\t<div class=\"wpb_wrapper\">\n\t\t<p class=\"translation-block\">Estamos aqu\u00ed para acompa\u00f1arte en tu camino. Si tienes alguna duda, si\u00e9ntete libre de <b data-path-to-node=\"3,1,0\" data-index-in-node=\"96\">escribirnos por WhatsApp<\/b> o <b data-path-to-node=\"3,1,0\" data-index-in-node=\"122\">asegurar tu lugar completando el formulario a continuaci\u00f3n<\/b><\/p>\n\t<\/div>\n<\/div>\n\n\n\n<div class=\"divider-wrap\" data-alignment=\"default\"><div style=\"height: 20px;\" class=\"divider\"><\/div><\/div><div class=\"nectar-cta  alignment_tablet_default alignment_phone_default display_tablet_inherit display_phone_inherit\" data-color=\"default\" data-using-bg=\"false\" data-style=\"arrow-animation\" data-display=\"block\" data-alignment=\"left\" data-text-color=\"std\" ><h6><span class=\"link_wrap\" ><a  class=\"link_text\" href=\"https:\/\/wa.me\/573203454518?text=Hello,%20I&#039;m%20interested%20in%20the%20retreat\"><span class=\"text\">Chatear por WhatsApp<\/span><svg class=\"next-arrow\" aria-hidden=\"true\" width=\"20px\" height=\"25px\" viewbox=\"0 0 50 80\" xml:space=\"preserve\">\n  <polyline stroke=\"#ffffff\" stroke-width=\"9\" fill=\"none\" stroke-linecap=\"round\" stroke-linejoin=\"round\" points=\"0, 0 45, 40 0, 80\"\/>\n  <\/svg>  <span class=\"line\" ><\/span> <\/a><\/span><\/h6><\/div><div class=\"divider-wrap\" data-alignment=\"default\"><div style=\"height: 20px;\" class=\"divider\"><\/div><\/div>\n\t\t\t<\/div> \n\t\t<\/div>\n\t<\/div> \n\n\t<div  class=\"vc_col-sm-4 wpb_column column_container vc_column_container col no-extra-padding inherit_tablet inherit_phone\"  data-padding-pos=\"all\" data-has-bg-color=\"false\" data-bg-color=\"\" data-bg-opacity=\"1\" data-animation=\"\" data-delay=\"0\" >\n\t\t<div class=\"vc_column-inner\" >\n\t\t\t<div class=\"wpb_wrapper\">\n\t\t\t\t\n\t\t\t<\/div> \n\t\t<\/div>\n\t<\/div> \n<\/div><\/div>\n\t\t<div id=\"fws_6a9938c9a6e49\"  data-column-margin=\"default\" data-midnight=\"dark\" data-top-percent=\"6%\" data-bottom-percent=\"6%\"  class=\"wpb_row vc_row-fluid vc_row full-width-section\"  style=\"padding-top: calc(100vw * 0.06); padding-bottom: calc(100vw * 0.06); \"><div class=\"row-bg-wrap\" data-bg-animation=\"none\" data-bg-overlay=\"false\"><div class=\"inner-wrap\"><div class=\"row-bg viewport-desktop\"  style=\"\"><\/div><\/div><\/div><div class=\"row_col_wrap_12 col span_12 dark left\">\n\t<div  class=\"vc_col-sm-12 wpb_column column_container vc_column_container col no-extra-padding inherit_tablet inherit_phone\"  data-padding-pos=\"all\" data-has-bg-color=\"false\" data-bg-color=\"\" data-bg-opacity=\"1\" data-animation=\"\" data-delay=\"0\" >\n\t\t<div class=\"vc_column-inner\" >\n\t\t\t<div class=\"wpb_wrapper\">\n\t\t\t\t\n\t<div class=\"wpb_content_element\" data-interval=\"0\">\n\t\t<div class=\"wpb_wrapper tabbed clearfix\" data-style=\"minimal_flexible\" data-spacing=\"\" data-icon-size=\"32\" data-full-width-line=\"\" data-color-scheme=\"accent-color\" data-alignment=\"left\">\n\t\t\t<ul class=\"wpb_tabs_nav ui-tabs-nav clearfix\"><li><a href=\"#tab-1784388200200-9\" class=\"active-tab\"><span>Territorio Gonawind\u00faa<\/span><\/a><\/li><li><a href=\"#tab-1784388200213-8\" ><span>El prop\u00f3sito: Transformaci\u00f3n y liberaci\u00f3n<\/span><\/a><\/li><li><a href=\"#tab-1784388200222-0\" ><span>Ceremonia de cacao<\/span><\/a><\/li><li><a href=\"#tab-1784388200235-4\" ><span>Inmersi\u00f3n en la naturaleza<\/span><\/a><\/li><li><a href=\"#tab-1784388200243-4\" ><span>Yoga, meditaci\u00f3n y pr\u00e1cticas de respiraci\u00f3n pranayama<\/span><\/a><\/li><li><a href=\"#tab-1784388200251-5\" ><span>Medicina de psilocibina<\/span><\/a><\/li><li><a href=\"#tab-1784388200276-6\" ><span>Ceremonias de temazcal<\/span><\/a><\/li><li><a href=\"#tab-1784388200287-9\" ><span>Experimenta la sanaci\u00f3n sonora con cuencos tibetanos, flautas y medicina rap\u00e9 en las cascadas.<\/span><\/a><\/li><li><a href=\"#tab-1784388200299-8\" ><span>Concierto inmersivo, musicoterapia receptiva<\/span><\/a><\/li><li><a href=\"#tab-1784388200309-5\" ><span>Ritual ancestral ind\u00edgena Kogi<\/span><\/a><\/li><li><a href=\"#tab-1784388200318-0\" ><span>\u00bfQui\u00e9nes somos?<\/span><\/a><\/li><li><a href=\"#tab-1784388200328-9\" ><span>Program<\/span><\/a><\/li><\/ul>\n\n\t\t\t\n\t\t\t<div id=\"tab-gonawindua-territory\" data-tab-icon=\"\" class=\"wpb_tab ui-tabs-panel wpb_ui-tabs-hide clearfix\">\n\t\t\t\t<div id=\"fws_6a9938c9a79ba\" data-midnight=\"\" data-column-margin=\"90px\" class=\"wpb_row vc_row-fluid vc_row inner_row vc_row-o-equal-height vc_row-flex vc_row-o-content-top\"  style=\"padding-top: 3%; padding-bottom: 3%; \"><div class=\"row-bg-wrap\"> <div class=\"row-bg\" ><\/div> <\/div><div class=\"row_col_wrap_12_inner col span_12  left\">\n\t<div  class=\"vc_col-sm-8 wpb_column column_container vc_column_container col child_column no-extra-padding inherit_tablet inherit_phone\"   data-padding-pos=\"top\" data-has-bg-color=\"false\" data-bg-color=\"\" data-bg-opacity=\"1\" data-animation=\"\" data-delay=\"0\" >\n\t\t<div class=\"vc_column-inner\" >\n\t\t<div class=\"wpb_wrapper\">\n\t\t\t\n<div class=\"wpb_text_column wpb_content_element\" >\n\t<div class=\"wpb_wrapper\">\n\t\t<p class=\"translation-block\"><span style=\"color: #333333\">Te invitamos a un encuentro en el sagrado territorio Gonawind\u00faa de la Sierra Nevada de Santa Marta. <strong>De hecho<\/strong>, este encuentro nos devuelve a las costumbres ancestrales y a los aspectos elementales de la vida. Nos ayuda a encontrar lo divino dentro de nosotros, fomentando la reconciliaci\u00f3n con la naturaleza. <strong>En \u00faltima instancia<\/strong>, construir\u00e1s una paz profunda contigo mismo, con los dem\u00e1s y con el universo.<\/span><\/p>\n<h3 id=\"user-content-what-is-the-sierra-nevada-de-santa-marta-gonawind\u00faa-territory\">\u00bfQu\u00e9 es la Sierra Nevada de Santa Marta, territorio Gonawind\u00faa?<\/h3>\n<p class=\"translation-block\"><span style=\"color: #333333\">Es un majestuoso sistema monta\u00f1oso ubicado en el norte de Colombia. <strong>De hecho<\/strong>, es la cordillera costera m\u00e1s alta del mundo, elev\u00e1ndose a m\u00e1s de 5.780 metros sobre el nivel del mar.<\/span><\/p>\n<p class=\"translation-block\"><span style=\"color: #333333\"><strong>Adem\u00e1s<\/strong>, este es un territorio sagrado para las comunidades ind\u00edgenas Kogui, Arhuaco, Wiwa y Kankuamo. Ellos creen que la monta\u00f1a es el coraz\u00f3n del mundo. <strong>Por lo tanto<\/strong>, representa un espacio vital para la reflexi\u00f3n interna y la conexi\u00f3n espiritual con la naturaleza y los ancestros.<\/span><\/p>\n<h3 id=\"user-content-a-space-for-connection\">Un espacio para la conexi\u00f3n<\/h3>\n<p class=\"translation-block\"><span style=\"color: #333333\">Espiritualmente, la Sierra Nevada de Santa Marta es un poderoso centro de energ\u00eda y sabidur\u00eda. Este encuentro nos permite sumergirnos en una tierra donde sobreviven tradiciones antiguas. <strong>Por consiguiente<\/strong>, nos invita a redescubrir nuestro lugar en el equilibrio c\u00f3smico.<\/span><\/p>\n\t<\/div>\n<\/div>\n\n\n\n\n\t\t<\/div> \n\t<\/div>\n\t<\/div> \n\n\t<div  class=\"vc_col-sm-4 wpb_column column_container vc_column_container col child_column no-extra-padding inherit_tablet inherit_phone\"   data-padding-pos=\"top\" data-has-bg-color=\"false\" data-bg-color=\"\" data-bg-opacity=\"1\" data-animation=\"\" data-delay=\"0\" >\n\t\t<div class=\"vc_column-inner\" >\n\t\t<div class=\"wpb_wrapper\">\n\t\t\t<div class=\"nectar_video_player_self_hosted wpb_video_widget wpb_content_element vc_clearfix vc_video-aspect-ratio-916 vc_video-el-width-100 vc_video-align-left  tablet-aspect-916 phone-aspect-916\" data-border-radius=\"none\" data-shadow=\"none\">\n<div class=\"wpb_wrapper\"><div class=\"wpb_video_wrapper\"><video width=\"1280\" height=\"720\" class=\"nectar-video-self-hosted\" preload=\"auto\" controls controlslist=\"nodownload\"><source src=\"https:\/\/taorayinareservanatural.com\/wp-content\/uploads\/2026\/04\/Territory.mp4\"  type=\"video\/mp4\"><\/video><\/div><\/div><\/div>\n\t\t<\/div> \n\t<\/div>\n\t<\/div> \n<\/div><\/div>\n\t\t\t<\/div> \n\t\t\t<div id=\"tab-the-purpose-transformation-and-liberation\" data-tab-icon=\"\" class=\"wpb_tab ui-tabs-panel wpb_ui-tabs-hide clearfix\">\n\t\t\t\t<div id=\"fws_6a9938c9a81c2\" data-midnight=\"\" data-column-margin=\"90px\" class=\"wpb_row vc_row-fluid vc_row inner_row vc_row-o-equal-height vc_row-flex vc_row-o-content-top\"  style=\"padding-top: 3%; padding-bottom: 3%; \"><div class=\"row-bg-wrap\"> <div class=\"row-bg\" ><\/div> <\/div><div class=\"row_col_wrap_12_inner col span_12  left\">\n\t<div  class=\"vc_col-sm-8 wpb_column column_container vc_column_container col child_column no-extra-padding inherit_tablet inherit_phone\"   data-padding-pos=\"top\" data-has-bg-color=\"false\" data-bg-color=\"\" data-bg-opacity=\"1\" data-animation=\"\" data-delay=\"0\" >\n\t\t<div class=\"vc_column-inner\" >\n\t\t<div class=\"wpb_wrapper\">\n\t\t\t\n<div class=\"wpb_text_column wpb_content_element  vc_custom_1784387474716\" style=\" max-width: 800px; display: inline-block;\">\n\t<div class=\"wpb_wrapper\">\n\t\t<div class=\"source-inline-chip-container ng-star-inserted\">\n<p class=\"\"><span style=\"color: #333333;\">En la reserva natural y el ecolodge de Taorayin\u00e1, los elementos y la naturaleza exuberante sirven como poderosas herramientas.\u00a0<strong>Espec\u00edficamente,<\/strong>ellas te ayudan a soltar lo que es pesado o innecesario.<\/span><\/p>\n<p class=\"translation-block\"><span style=\"color: #333333\"><strong>Adem\u00e1s<\/strong>, este retiro est\u00e1 dise\u00f1ado como un camino de sensaciones y emociones. Te anima a transformarte y comenzar nuevos procesos de vida que sean m\u00e1s tranquilos, sencillos y pac\u00edficos. <strong>En resumen<\/strong>, nuestro objetivo es que dejes atr\u00e1s lo que no te sirve y te nutras con la pura alegr\u00eda de vivir.<\/span><\/p>\n<\/div>\n\t<\/div>\n<\/div>\n\n\n\n\n\t\t<\/div> \n\t<\/div>\n\t<\/div> \n\n\t<div  class=\"vc_col-sm-4 wpb_column column_container vc_column_container col child_column no-extra-padding inherit_tablet inherit_phone\"   data-padding-pos=\"top\" data-has-bg-color=\"false\" data-bg-color=\"\" data-bg-opacity=\"1\" data-animation=\"\" data-delay=\"0\" >\n\t\t<div class=\"vc_column-inner\" >\n\t\t<div class=\"wpb_wrapper\">\n\t\t\t<div class=\"nectar_video_player_self_hosted wpb_video_widget wpb_content_element vc_clearfix vc_video-aspect-ratio-916 vc_video-el-width-100 vc_video-align-left  tablet-aspect-916 phone-aspect-916\" data-border-radius=\"none\" data-shadow=\"none\">\n<div class=\"wpb_wrapper\"><div class=\"wpb_video_wrapper\"><video width=\"1280\" height=\"720\" class=\"nectar-video-self-hosted\" preload=\"auto\" controls controlslist=\"nodownload\"><source src=\"https:\/\/taorayinareservanatural.com\/wp-content\/uploads\/2026\/04\/The-purpose.mp4\"  type=\"video\/mp4\"><\/video><\/div><\/div><\/div>\n\t\t<\/div> \n\t<\/div>\n\t<\/div> \n<\/div><\/div>\n\t\t\t<\/div> \n\t\t\t<div id=\"tab-cacao-ceremony\" data-tab-icon=\"\" class=\"wpb_tab ui-tabs-panel wpb_ui-tabs-hide clearfix\">\n\t\t\t\t<div id=\"fws_6a9938c9a87ca\" data-midnight=\"\" data-column-margin=\"90px\" class=\"wpb_row vc_row-fluid vc_row inner_row vc_row-o-equal-height vc_row-flex vc_row-o-content-top\"  style=\"padding-top: 3%; padding-bottom: 3%; \"><div class=\"row-bg-wrap\"> <div class=\"row-bg\" ><\/div> <\/div><div class=\"row_col_wrap_12_inner col span_12  left\">\n\t<div  class=\"vc_col-sm-8 wpb_column column_container vc_column_container col child_column no-extra-padding inherit_tablet inherit_phone\"   data-padding-pos=\"top\" data-has-bg-color=\"false\" data-bg-color=\"\" data-bg-opacity=\"1\" data-animation=\"\" data-delay=\"0\" >\n\t\t<div class=\"vc_column-inner\" >\n\t\t<div class=\"wpb_wrapper\">\n\t\t\t\n<div class=\"wpb_text_column wpb_content_element  vc_custom_1784063924968\" style=\" max-width: 800px; display: inline-block;\">\n\t<div class=\"wpb_wrapper\">\n\t\t<div>\n<p data-path-to-node=\"3\"><span style=\"color: #000000;\">De este territorio proviene el cacao que compartiremos en este encuentro. Es una fruta org\u00e1nica \u00fanica, caracterizada por aromas florales y c\u00edtricos con notas suaves, nutrida por la doble influencia del mar Caribe y las tierras altas de la Sierra.<\/span><\/p>\n<\/div>\n<p class=\"p1\"><span style=\"color: #000000;\">En este encuentro con el cacao, conectamos con el flujo sangu\u00edneo de nuestro cuerpo, con el amor incondicional, con el chakra del coraz\u00f3n que a su vez une la tierra con el cielo.<\/span><\/p>\n<p class=\"p2\"><span style=\"color: #000000;\">Prueba el cacao artesanal de Sierra Nevada.<\/span><\/p>\n<p class=\"p2\"><span style=\"color: #000000;\">D\u00e9jese llevar por los ritmos org\u00e1nicos en vivo (tambores, flautas, cantos).<\/span><\/p>\n<p class=\"p2\"><span style=\"color: #000000;\">Baila y mu\u00e9vete para expresar emociones y liberar bloqueos.<\/span><\/p>\n<p class=\"p2\"><span style=\"color: #000000;\">Compartan en c\u00edrculo alrededor del fuego y las plantas sagradas.<\/span><\/p>\n<h3 data-path-to-node=\"4\">Un encuentro con el yo<\/h3>\n<p data-path-to-node=\"5\"><span style=\"color: #000000;\">En este encuentro con el cacao, conectamos con la circulaci\u00f3n sangu\u00ednea y la frecuencia del amor incondicional. Activamos el chakra del coraz\u00f3n \u2014el puente que une la tierra con el cielo\u2014 permitiendo que las emociones que lo atraviesan fluyan libremente.<\/span><\/p>\n<p data-path-to-node=\"6\"><span style=\"color: #000000;\">La elaboraci\u00f3n de este cacao de Sierra Nevada es un trabajo artesanal realizado con amor por mujeres, que transforman la fruta en cada etapa: desde la cosecha y la fermentaci\u00f3n hasta el tostado, la molienda y el producto final sagrado.<\/span><\/p>\n<h3 data-path-to-node=\"7\">Sonido y movimiento consciente<\/h3>\n<p data-path-to-node=\"8\"><span style=\"color: #000000;\">La vibraci\u00f3n del sonido se entrelaza con la activaci\u00f3n del coraz\u00f3n y este alimento elemental. A trav\u00e9s de ritmos y pulsaciones de tambores tradicionales colombianos (caribe\u00f1os, del Pac\u00edfico y andinos), junto con vientos y melod\u00edas, creamos un espacio para la manifestaci\u00f3n.<\/span><\/p>\n<p data-path-to-node=\"9\"><span style=\"color: #000000;\">Este encuentro te invita a expresar emociones, deseos y bloqueos a trav\u00e9s de la danza y el movimiento liberador. Es una oportunidad para observar y sentir el cuerpo como un veh\u00edculo sagrado, que revela la magia de la existencia. La m\u00fasica que acompa\u00f1a el ritual es completamente en vivo y org\u00e1nica, con percusi\u00f3n folcl\u00f3rica, flautas tradicionales, guitarra y cantos ancestrales.<\/span><\/p>\n<h3 data-path-to-node=\"10\">El c\u00edrculo de celebraci\u00f3n<\/h3>\n<p data-path-to-node=\"11\"><span style=\"color: #000000;\">La reuni\u00f3n durar\u00e1 aproximadamente de 2 a 3 horas y se llevar\u00e1 a cabo en c\u00edrculo alrededor del fuego y el altar. Armonizaremos el espacio utilizando:<\/span><\/p>\n<ul data-path-to-node=\"12\">\n<li>\n<p data-path-to-node=\"12,0,0\"><span style=\"color: #000000;\">Plantas dulces y aguas florales.<\/span><\/p>\n<\/li>\n<li>\n<p data-path-to-node=\"12,1,0\"><span style=\"color: #000000;\">Tabaco, copal, salvia y palo santo.<\/span><\/p>\n<\/li>\n<\/ul>\n<p data-path-to-node=\"13\"><span style=\"color: #000000;\">Experimentaremos la medicina del cacao en diferentes texturas: semillas, l\u00edquido y un exfoliante ceremonial aplicado al cuerpo para purificarlo y nutrirlo. Juntos, vibraremos a trav\u00e9s de la m\u00fasica y la danza, conectando con la alegr\u00eda del coraz\u00f3n para celebrar y agradecer la vida.<\/span><\/p>\n\t<\/div>\n<\/div>\n\n\n\n\n\t\t<\/div> \n\t<\/div>\n\t<\/div> \n\n\t<div  class=\"vc_col-sm-4 wpb_column column_container vc_column_container col child_column no-extra-padding inherit_tablet inherit_phone\"   data-padding-pos=\"top\" data-has-bg-color=\"false\" data-bg-color=\"\" data-bg-opacity=\"1\" data-animation=\"\" data-delay=\"0\" >\n\t\t<div class=\"vc_column-inner\" >\n\t\t<div class=\"wpb_wrapper\">\n\t\t\t\n\t<div class=\"wpb_gallery wpb_content_element clearfix\">\n\t\t<div class=\"wpb_wrapper\"><div class=\"wpb_gallery_slidesflickity_static_height_style\" data-onclick=\"link_no\" data-interval=\"5\"><style>.wpb_gallery_slidesflickity_static_height_style .nectar-flickity.instace-6a9938c9a8d83:not(.masonry) .flickity-slider .cell img {\n      height: 570px;\n    }\n    @media only screen and (max-width: 1300px) {\n      .wpb_gallery_slidesflickity_static_height_style .nectar-flickity.instace-6a9938c9a8d83:not(.masonry) .flickity-slider .cell img {\n        height: 400px;\n      }\n    }\n    @media only screen and (max-width: 1000px) {\n      .wpb_gallery_slidesflickity_static_height_style .nectar-flickity.instace-6a9938c9a8d83:not(.masonry) .flickity-slider .cell img {\n        height: 350px;\n      }\n    }\n    @media only screen and (max-width: 690px) {\n      .wpb_gallery_slidesflickity_static_height_style .nectar-flickity.instace-6a9938c9a8d83:not(.masonry) .flickity-slider .cell img {\n        height: 570px;\n      }\n    }<\/style><div class=\"nectar-flickity not-initialized instace-6a9938c9a8d83\"  data-touch-icon-color=\"default\" data-drag-scale=\"\" data-overflow=\"hidden\" data-wrap=\"wrap\" data-spacing=\"default\" data-shadow=\"none\" data-autoplay=\"\" data-autoplay-dur=\"\" data-free-scroll=\"\" data-controls=\"pagination\"><div class=\"flickity-viewport\"> <div class=\"flickity-slider\"><div class=\"cell\" data-lazy=\"false\"><img loading=\"lazy\" decoding=\"async\" width=\"773\" height=\"580\" src=\"https:\/\/taorayinareservanatural.com\/wp-content\/uploads\/2026\/04\/Images-Galeria-cacao-1.webp\" class=\"skip-lazy nectar-lazy attachment-large\" alt=\"\" srcset=\"https:\/\/taorayinareservanatural.com\/wp-content\/uploads\/2026\/04\/Images-Galeria-cacao-1.webp 773w, https:\/\/taorayinareservanatural.com\/wp-content\/uploads\/2026\/04\/Images-Galeria-cacao-1-300x225.webp 300w, https:\/\/taorayinareservanatural.com\/wp-content\/uploads\/2026\/04\/Images-Galeria-cacao-1-768x576.webp 768w, https:\/\/taorayinareservanatural.com\/wp-content\/uploads\/2026\/04\/Images-Galeria-cacao-1-16x12.webp 16w\" sizes=\"auto, (max-width: 773px) 100vw, 773px\" \/><\/div><div class=\"cell\" data-lazy=\"false\"><img loading=\"lazy\" decoding=\"async\" width=\"773\" height=\"580\" src=\"https:\/\/taorayinareservanatural.com\/wp-content\/uploads\/2026\/04\/Images-Galeria-cacao-5.webp\" class=\"skip-lazy nectar-lazy attachment-large\" alt=\"\" srcset=\"https:\/\/taorayinareservanatural.com\/wp-content\/uploads\/2026\/04\/Images-Galeria-cacao-5.webp 773w, https:\/\/taorayinareservanatural.com\/wp-content\/uploads\/2026\/04\/Images-Galeria-cacao-5-300x225.webp 300w, https:\/\/taorayinareservanatural.com\/wp-content\/uploads\/2026\/04\/Images-Galeria-cacao-5-768x576.webp 768w, https:\/\/taorayinareservanatural.com\/wp-content\/uploads\/2026\/04\/Images-Galeria-cacao-5-16x12.webp 16w\" sizes=\"auto, (max-width: 773px) 100vw, 773px\" \/><\/div><div class=\"cell\" data-lazy=\"false\"><img loading=\"lazy\" decoding=\"async\" width=\"773\" height=\"580\" src=\"https:\/\/taorayinareservanatural.com\/wp-content\/uploads\/2026\/04\/Images-Galeria-cacao-4.webp\" class=\"skip-lazy nectar-lazy attachment-large\" alt=\"\" srcset=\"https:\/\/taorayinareservanatural.com\/wp-content\/uploads\/2026\/04\/Images-Galeria-cacao-4.webp 773w, https:\/\/taorayinareservanatural.com\/wp-content\/uploads\/2026\/04\/Images-Galeria-cacao-4-300x225.webp 300w, https:\/\/taorayinareservanatural.com\/wp-content\/uploads\/2026\/04\/Images-Galeria-cacao-4-768x576.webp 768w, https:\/\/taorayinareservanatural.com\/wp-content\/uploads\/2026\/04\/Images-Galeria-cacao-4-16x12.webp 16w\" sizes=\"auto, (max-width: 773px) 100vw, 773px\" \/><\/div><div class=\"cell\" data-lazy=\"false\"><img loading=\"lazy\" decoding=\"async\" width=\"773\" height=\"580\" src=\"https:\/\/taorayinareservanatural.com\/wp-content\/uploads\/2026\/04\/Images-Galeria-cacao-3.webp\" class=\"skip-lazy nectar-lazy attachment-large\" alt=\"\" srcset=\"https:\/\/taorayinareservanatural.com\/wp-content\/uploads\/2026\/04\/Images-Galeria-cacao-3.webp 773w, https:\/\/taorayinareservanatural.com\/wp-content\/uploads\/2026\/04\/Images-Galeria-cacao-3-300x225.webp 300w, https:\/\/taorayinareservanatural.com\/wp-content\/uploads\/2026\/04\/Images-Galeria-cacao-3-768x576.webp 768w, https:\/\/taorayinareservanatural.com\/wp-content\/uploads\/2026\/04\/Images-Galeria-cacao-3-16x12.webp 16w\" sizes=\"auto, (max-width: 773px) 100vw, 773px\" \/><\/div><div class=\"cell\" data-lazy=\"false\"><img loading=\"lazy\" decoding=\"async\" width=\"773\" height=\"580\" src=\"https:\/\/taorayinareservanatural.com\/wp-content\/uploads\/2026\/04\/Imeges-Galeria-cacao-6.jpg\" class=\"skip-lazy nectar-lazy attachment-large\" alt=\"\" srcset=\"https:\/\/taorayinareservanatural.com\/wp-content\/uploads\/2026\/04\/Imeges-Galeria-cacao-6.jpg 773w, https:\/\/taorayinareservanatural.com\/wp-content\/uploads\/2026\/04\/Imeges-Galeria-cacao-6-300x225.jpg 300w, https:\/\/taorayinareservanatural.com\/wp-content\/uploads\/2026\/04\/Imeges-Galeria-cacao-6-768x576.jpg 768w, https:\/\/taorayinareservanatural.com\/wp-content\/uploads\/2026\/04\/Imeges-Galeria-cacao-6-16x12.jpg 16w\" sizes=\"auto, (max-width: 773px) 100vw, 773px\" \/><\/div><div class=\"cell\" data-lazy=\"false\"><img loading=\"lazy\" decoding=\"async\" width=\"773\" height=\"580\" src=\"https:\/\/taorayinareservanatural.com\/wp-content\/uploads\/2026\/04\/Images-Galeria-cacao-2.webp\" class=\"skip-lazy nectar-lazy attachment-large\" alt=\"\" srcset=\"https:\/\/taorayinareservanatural.com\/wp-content\/uploads\/2026\/04\/Images-Galeria-cacao-2.webp 773w, https:\/\/taorayinareservanatural.com\/wp-content\/uploads\/2026\/04\/Images-Galeria-cacao-2-300x225.webp 300w, https:\/\/taorayinareservanatural.com\/wp-content\/uploads\/2026\/04\/Images-Galeria-cacao-2-768x576.webp 768w, https:\/\/taorayinareservanatural.com\/wp-content\/uploads\/2026\/04\/Images-Galeria-cacao-2-16x12.webp 16w\" sizes=\"auto, (max-width: 773px) 100vw, 773px\" \/><\/div><\/div><\/div><\/div><\/div>\n\t\t<\/div> \n\t<\/div> \n\t\t<\/div> \n\t<\/div>\n\t<\/div> \n<\/div><\/div>\n\t\t\t<\/div> \n\t\t\t<div id=\"tab-nature-immersion\" data-tab-icon=\"\" class=\"wpb_tab ui-tabs-panel wpb_ui-tabs-hide clearfix\">\n\t\t\t\t<div id=\"fws_6a9938c9aa904\" data-midnight=\"\" data-column-margin=\"90px\" class=\"wpb_row vc_row-fluid vc_row inner_row vc_row-o-equal-height vc_row-flex vc_row-o-content-top\"  style=\"padding-top: 3%; padding-bottom: 3%; \"><div class=\"row-bg-wrap\"> <div class=\"row-bg\" ><\/div> <\/div><div class=\"row_col_wrap_12_inner col span_12  left\">\n\t<div  class=\"vc_col-sm-8 wpb_column column_container vc_column_container col child_column no-extra-padding inherit_tablet inherit_phone\"   data-padding-pos=\"top\" data-has-bg-color=\"false\" data-bg-color=\"\" data-bg-opacity=\"1\" data-animation=\"\" data-delay=\"0\" >\n\t\t<div class=\"vc_column-inner\" >\n\t\t<div class=\"wpb_wrapper\">\n\t\t\t\n<div class=\"wpb_text_column wpb_content_element  vc_custom_1784063939215\" style=\" max-width: 800px; display: inline-block;\">\n\t<div class=\"wpb_wrapper\">\n\t\t<p><span style=\"color: #000000;\"><span class=\"citation-213\">Senderismo a trav\u00e9s de bosques primarios hasta pozas naturales, r\u00edos y playas majestuosas.<\/span>.<\/span><\/p>\n<div class=\"source-inline-chip-container ng-star-inserted\"><\/div>\n\t<\/div>\n<\/div>\n\n\n\n\n\t\t<\/div> \n\t<\/div>\n\t<\/div> \n\n\t<div  class=\"vc_col-sm-4 wpb_column column_container vc_column_container col child_column no-extra-padding inherit_tablet inherit_phone\"   data-padding-pos=\"top\" data-has-bg-color=\"false\" data-bg-color=\"\" data-bg-opacity=\"1\" data-animation=\"\" data-delay=\"0\" >\n\t\t<div class=\"vc_column-inner\" >\n\t\t<div class=\"wpb_wrapper\">\n\t\t\t<div class=\"nectar_video_player_self_hosted wpb_video_widget wpb_content_element vc_clearfix vc_video-aspect-ratio-916 vc_video-el-width-100 vc_video-align-left  tablet-aspect-916 phone-aspect-916\" data-border-radius=\"none\" data-shadow=\"none\">\n<div class=\"wpb_wrapper\"><div class=\"wpb_video_wrapper\"><video width=\"1280\" height=\"720\" class=\"nectar-video-self-hosted\" preload=\"auto\" controls controlslist=\"nodownload\"><source src=\"https:\/\/taorayinareservanatural.com\/wp-content\/uploads\/2026\/04\/CASCADAS-NATURALEZA.mp4\"  type=\"video\/mp4\"><\/video><\/div><\/div><\/div>\n\t\t<\/div> \n\t<\/div>\n\t<\/div> \n<\/div><\/div>\n\t\t\t<\/div> \n\t\t\t<div id=\"tab-yoga-meditation-and-pranayama-breathing-practices\" data-tab-icon=\"\" class=\"wpb_tab ui-tabs-panel wpb_ui-tabs-hide clearfix\">\n\t\t\t\t<div id=\"fws_6a9938c9aae6d\" data-midnight=\"\" data-column-margin=\"90px\" class=\"wpb_row vc_row-fluid vc_row inner_row vc_row-o-equal-height vc_row-flex vc_row-o-content-top\"  style=\"padding-top: 3%; padding-bottom: 3%; \"><div class=\"row-bg-wrap\"> <div class=\"row-bg\" ><\/div> <\/div><div class=\"row_col_wrap_12_inner col span_12  left\">\n\t<div  class=\"vc_col-sm-8 wpb_column column_container vc_column_container col child_column no-extra-padding inherit_tablet inherit_phone\"   data-padding-pos=\"top\" data-has-bg-color=\"false\" data-bg-color=\"\" data-bg-opacity=\"1\" data-animation=\"\" data-delay=\"0\" >\n\t\t<div class=\"vc_column-inner\" >\n\t\t<div class=\"wpb_wrapper\">\n\t\t\t\n<div class=\"wpb_text_column wpb_content_element  vc_custom_1784388475412\" style=\" max-width: 800px; display: inline-block;\">\n\t<div class=\"wpb_wrapper\">\n\t\t<h3><span data-path-to-node=\"12,0,1,0\"><b data-path-to-node=\"12,0,1,0\" data-index-in-node=\"0\"><span class=\"citation-221\">Pr\u00e1cticas Diarias:<\/span><\/b><\/span><\/h3>\n<p><span style=\"color: #000000;\"><span class=\"citation-221\"> Clases de hatha yoga, pranayama (ejercicios de respiraci\u00f3n) y meditaci\u00f3n al amanecer.<\/span>.<\/span><\/p>\n\t<\/div>\n<\/div>\n\n\n\n\n\t\t<\/div> \n\t<\/div>\n\t<\/div> \n\n\t<div  class=\"vc_col-sm-4 wpb_column column_container vc_column_container col child_column no-extra-padding inherit_tablet inherit_phone\"   data-padding-pos=\"top\" data-has-bg-color=\"false\" data-bg-color=\"\" data-bg-opacity=\"1\" data-animation=\"\" data-delay=\"0\" >\n\t\t<div class=\"vc_column-inner\" >\n\t\t<div class=\"wpb_wrapper\">\n\t\t\t<div class=\"nectar_video_player_self_hosted wpb_video_widget wpb_content_element vc_clearfix vc_video-aspect-ratio-916 vc_video-el-width-100 vc_video-align-left  tablet-aspect-916 phone-aspect-916\" data-border-radius=\"none\" data-shadow=\"none\">\n<div class=\"wpb_wrapper\"><div class=\"wpb_video_wrapper\"><video width=\"1280\" height=\"720\" class=\"nectar-video-self-hosted\" preload=\"auto\" controls controlslist=\"nodownload\"><source src=\"https:\/\/taorayinareservanatural.com\/wp-content\/uploads\/2026\/04\/meditation.mp4\"  type=\"video\/mp4\"><\/video><\/div><\/div><\/div>\n\t\t<\/div> \n\t<\/div>\n\t<\/div> \n<\/div><\/div>\n\t\t\t<\/div> \n\t\t\t<div id=\"tab-psilocybin-medicine\" data-tab-icon=\"\" class=\"wpb_tab ui-tabs-panel wpb_ui-tabs-hide clearfix\">\n\t\t\t\t<div id=\"fws_6a9938c9ab44b\" data-midnight=\"\" data-column-margin=\"90px\" class=\"wpb_row vc_row-fluid vc_row inner_row vc_row-o-equal-height vc_row-flex vc_row-o-content-top\"  style=\"padding-top: 3%; padding-bottom: 3%; \"><div class=\"row-bg-wrap\"> <div class=\"row-bg\" ><\/div> <\/div><div class=\"row_col_wrap_12_inner col span_12  left\">\n\t<div  class=\"vc_col-sm-8 wpb_column column_container vc_column_container col child_column no-extra-padding inherit_tablet inherit_phone\"   data-padding-pos=\"top\" data-has-bg-color=\"false\" data-bg-color=\"\" data-bg-opacity=\"1\" data-animation=\"\" data-delay=\"0\" >\n\t\t<div class=\"vc_column-inner\" >\n\t\t<div class=\"wpb_wrapper\">\n\t\t\t\n<div class=\"wpb_text_column wpb_content_element  vc_custom_1784387989393\" style=\" max-width: 800px; display: inline-block;\">\n\t<div class=\"wpb_wrapper\">\n\t\t<h3 id=\"user-content-therapeutic-psilocybin-journey\">Viaje terap\u00e9utico con psilocibina<\/h3>\n<p class=\"translation-block\"><span style=\"color: #333333\">El encuentro con hongos m\u00e1gicos (medicina de psilocibina) nos lleva a un estado de autoobservaci\u00f3n plena. <strong>Espec\u00edficamente<\/strong>, nos ayuda a identificar bloqueos, patrones no saludables, miedos o ansiedad. <strong>Por consiguiente<\/strong>, liberamos estas tensiones para restaurar la armon\u00eda en nuestros campos f\u00edsicos y energ\u00e9ticos.<\/span><\/p>\n<p class=\"translation-block\"><span style=\"color: #333333\"><strong>Adem\u00e1s<\/strong>, se ha demostrado cient\u00edficamente que los hongos de psilocibina pueden beneficiar la salud mental. <strong>Por ejemplo<\/strong>, los estudios demuestran que estos encuentros facilitan la introspecci\u00f3n profunda, promueven sentimientos de conexi\u00f3n y mejoran la creatividad.<\/span><\/p>\n<p class=\"translation-block\"><span style=\"color: #333333\"><strong>Para lograr esto<\/strong>, la experiencia se organiza en cinco etapas armoniosas:<\/span><\/p>\n\t<\/div>\n<\/div>\n\n\n\n<div class=\"nectar-hor-list-item\" data-hover-effect=\"none\" data-br=\"0px\" data-font-family=\"p\" data-color=\"accent-color\" data-columns=\"2\" data-column-layout=\"even\"><div class=\"nectar-list-item\" data-icon=\"false\" data-text-align=\"left\"><h3>1.\u00aa etapa<\/h3><\/div><div class=\"nectar-list-item\" data-text-align=\"left\">Comienza con un per\u00edodo de silencio e introspecci\u00f3n, que conduce a una experiencia musical org\u00e1nica e inmersiva; una etapa de mayor entrega, confianza y apertura hacia la medicina.<\/div><\/div><div class=\"nectar-hor-list-item\" data-hover-effect=\"none\" data-br=\"0px\" data-font-family=\"p\" data-color=\"accent-color\" data-columns=\"2\" data-column-layout=\"even\"><div class=\"nectar-list-item\" data-icon=\"false\" data-text-align=\"left\"><h3>2.\u00aa etapa<\/h3><\/div><div class=\"nectar-list-item\" data-text-align=\"left\">Armonizaci\u00f3n y limpieza energ\u00e9tica mediante t\u00e9cnicas de Sanaci\u00f3n con Sonido y aromaterapia.<\/div><\/div><div class=\"nectar-hor-list-item\" data-hover-effect=\"none\" data-br=\"0px\" data-font-family=\"p\" data-color=\"accent-color\" data-columns=\"2\" data-column-layout=\"even\"><div class=\"nectar-list-item\" data-icon=\"false\" data-text-align=\"left\"><h3>3.\u00aa etapa<\/h3><\/div><div class=\"nectar-list-item\" data-text-align=\"left\">Integraci\u00f3n mediante el movimiento y la respiraci\u00f3n guiada.<\/div><\/div><div class=\"nectar-hor-list-item\" data-hover-effect=\"none\" data-br=\"0px\" data-font-family=\"p\" data-color=\"accent-color\" data-columns=\"2\" data-column-layout=\"even\"><div class=\"nectar-list-item\" data-icon=\"false\" data-text-align=\"left\"><h3>4.\u00aa etapa<\/h3><\/div><div class=\"nectar-list-item\" data-text-align=\"left\">Integraci\u00f3n a trav\u00e9s del lenguaje, compartiendo la experiencia en un c\u00edrculo de palabras entre los participantes.<\/div><\/div><div class=\"nectar-hor-list-item\" data-hover-effect=\"none\" data-br=\"0px\" data-font-family=\"p\" data-color=\"accent-color\" data-columns=\"2\" data-column-layout=\"even\"><div class=\"nectar-list-item\" data-icon=\"false\" data-text-align=\"left\"><h3>5.\u00aa etapa<\/h3><\/div><div class=\"nectar-list-item\" data-text-align=\"left\">Descanso.<\/div><\/div>\n\t\t<\/div> \n\t<\/div>\n\t<\/div> \n\n\t<div  class=\"vc_col-sm-4 wpb_column column_container vc_column_container col child_column no-extra-padding inherit_tablet inherit_phone\"   data-padding-pos=\"top\" data-has-bg-color=\"false\" data-bg-color=\"\" data-bg-opacity=\"1\" data-animation=\"\" data-delay=\"0\" >\n\t\t<div class=\"vc_column-inner\" >\n\t\t<div class=\"wpb_wrapper\">\n\t\t\t<div class=\"nectar_video_player_self_hosted wpb_video_widget wpb_content_element vc_clearfix vc_video-aspect-ratio-916 vc_video-el-width-100 vc_video-align-left  tablet-aspect-916 phone-aspect-916\" data-border-radius=\"none\" data-shadow=\"none\">\n<div class=\"wpb_wrapper\"><div class=\"wpb_video_wrapper\"><video width=\"1280\" height=\"720\" class=\"nectar-video-self-hosted\" preload=\"auto\" controls controlslist=\"nodownload\"><source src=\"https:\/\/taorayinareservanatural.com\/wp-content\/uploads\/2026\/05\/Beyond-the-sky-The-nights-in-@taorayinareservanatural-Book-with-us-\ud83d\udcf1Wzp-573203454518sky-s.mp4\"  type=\"video\/mp4\"><\/video><\/div><\/div><\/div>\n\t\t<\/div> \n\t<\/div>\n\t<\/div> \n<\/div><\/div>\n\t\t\t<\/div> \n\t\t\t<div id=\"tab-temazcal-ceremonies\" data-tab-icon=\"\" class=\"wpb_tab ui-tabs-panel wpb_ui-tabs-hide clearfix\">\n\t\t\t\t<div id=\"fws_6a9938c9ac0d1\" data-midnight=\"\" data-column-margin=\"90px\" class=\"wpb_row vc_row-fluid vc_row inner_row vc_row-o-equal-height vc_row-flex vc_row-o-content-top\"  style=\"padding-top: 3%; padding-bottom: 3%; \"><div class=\"row-bg-wrap\"> <div class=\"row-bg\" ><\/div> <\/div><div class=\"row_col_wrap_12_inner col span_12  left\">\n\t<div  class=\"vc_col-sm-8 wpb_column column_container vc_column_container col child_column no-extra-padding inherit_tablet inherit_phone\"   data-padding-pos=\"top\" data-has-bg-color=\"false\" data-bg-color=\"\" data-bg-opacity=\"1\" data-animation=\"\" data-delay=\"0\" >\n\t\t<div class=\"vc_column-inner\" >\n\t\t<div class=\"wpb_wrapper\">\n\t\t\t\n<div class=\"wpb_text_column wpb_content_element  vc_custom_1784387532244\" style=\" max-width: 800px; display: inline-block;\">\n\t<div class=\"wpb_wrapper\">\n\t\t<p class=\"translation-block\"><span style=\"color: #333333\">El temazcal es una ceremonia de vapor prehisp\u00e1nica realizada dentro de una estructura peque\u00f1a y circular. <strong>Espec\u00edficamente<\/strong>, se asemeja a un igl\u00fa de barro o piedra. Su nombre proviene de la palabra n\u00e1huatl <em>temazcalli<\/em>, que significa \"casa de sudor\". <strong>De hecho<\/strong>, m\u00e1s que un simple sauna, es una ceremonia de sanaci\u00f3n hol\u00edstica que busca la purificaci\u00f3n f\u00edsica, mental y espiritual.<\/span><\/p>\n<p class=\"translation-block\"><span style=\"color: #333333\">El ritual es guiado por Catalina del Mar, mujer medicina y guardiana de la reserva P\u00e1jaro Jaguar. <strong>En este espacio<\/strong>, ella utiliza los cuatro elementos para crear una profunda atm\u00f3sfera de introspecci\u00f3n. La estructura circular en s\u00ed representa el \u00fatero de la Madre Tierra.<\/span><\/p>\n<h3 id=\"user-content-how-the-ceremony-works\">C\u00f3mo funciona la ceremonia<\/h3>\n<p class=\"translation-block\"><span style=\"color: #333333\">Al entrar, los participantes se sientan en c\u00edrculo alrededor de un pozo central. <strong>Luego<\/strong>, se colocan piedras volc\u00e1nicas al rojo vivo en el centro. Finalmente, se vierte agua con infusi\u00f3n de plantas medicinales sobre las piedras para generar vapor. Este calor intenso induce a una sudoraci\u00f3n profunda, lo que ayuda a desintoxicar el cuerpo.<\/span><\/p>\n<h3 id=\"user-content-main-benefits\">Principales beneficios<\/h3>\n<ul>\n<li><strong>F\u00edsico:<\/strong>\u00a0<span style=\"color: #333333;\">Ayuda a eliminar toxinas, mejora la circulaci\u00f3n y beneficia al sistema inmunol\u00f3gico.<\/span><\/li>\n<li><strong>Emocional:<\/strong>\u00a0<span style=\"color: #333333;\">Facilita la liberaci\u00f3n de la tensi\u00f3n y el estr\u00e9s, promoviendo una profunda calma.<\/span><\/li>\n<li><strong>Espiritual:<\/strong>\u00a0<span style=\"color: #333333;\">Se considera un proceso de \u201crenacimiento\u201d para reconectar con el yo interior.<\/span><\/li>\n<\/ul>\n\t<\/div>\n<\/div>\n\n\n\n\n\t\t<\/div> \n\t<\/div>\n\t<\/div> \n\n\t<div  class=\"vc_col-sm-4 wpb_column column_container vc_column_container col child_column no-extra-padding inherit_tablet inherit_phone\"   data-padding-pos=\"top\" data-has-bg-color=\"false\" data-bg-color=\"\" data-bg-opacity=\"1\" data-animation=\"\" data-delay=\"0\" >\n\t\t<div class=\"vc_column-inner\" >\n\t\t<div class=\"wpb_wrapper\">\n\t\t\t<div class=\"nectar_video_player_self_hosted wpb_video_widget wpb_content_element vc_clearfix vc_video-aspect-ratio-916 vc_video-el-width-100 vc_video-align-left  tablet-aspect-916 phone-aspect-916\" data-border-radius=\"none\" data-shadow=\"none\">\n<div class=\"wpb_wrapper\"><div class=\"wpb_video_wrapper\"><video width=\"1280\" height=\"720\" class=\"nectar-video-self-hosted\" preload=\"auto\" controls controlslist=\"nodownload\"><source src=\"https:\/\/taorayinareservanatural.com\/wp-content\/uploads\/2026\/03\/Neeew-Moon-temazcal-\ud83c\udf1a-en-nuestro-Ancestral-Detox-Sessions01.02.25agradeciendo-la-medicina-de-tr.mp4\"  type=\"video\/mp4\"><\/video><\/div><\/div><\/div>\n\t\t<\/div> \n\t<\/div>\n\t<\/div> \n<\/div><\/div>\n\t\t\t<\/div> \n\t\t\t<div id=\"tab-experience-the-soundhealing-with-tibetan-bowls-flutes-and-rape-medicine-in-the-waterfalls\" data-tab-icon=\"\" class=\"wpb_tab ui-tabs-panel wpb_ui-tabs-hide clearfix\">\n\t\t\t\t<div id=\"fws_6a9938c9ac706\" data-midnight=\"\" data-column-margin=\"90px\" class=\"wpb_row vc_row-fluid vc_row inner_row vc_row-o-equal-height vc_row-flex vc_row-o-content-top\"  style=\"padding-top: 3%; padding-bottom: 3%; \"><div class=\"row-bg-wrap\"> <div class=\"row-bg\" ><\/div> <\/div><div class=\"row_col_wrap_12_inner col span_12  left\">\n\t<div  class=\"vc_col-sm-8 wpb_column column_container vc_column_container col child_column no-extra-padding inherit_tablet inherit_phone\"   data-padding-pos=\"top\" data-has-bg-color=\"false\" data-bg-color=\"\" data-bg-opacity=\"1\" data-animation=\"\" data-delay=\"0\" >\n\t\t<div class=\"vc_column-inner\" >\n\t\t<div class=\"wpb_wrapper\">\n\t\t\t\n<div class=\"wpb_text_column wpb_content_element  vc_custom_1784387780681\" style=\" max-width: 800px; display: inline-block;\">\n\t<div class=\"wpb_wrapper\">\n\t\t<p class=\"translation-block\"><span style=\"color: #333333\">Vive una sanaci\u00f3n sonora con cuencos tibetanos y flautas tradicionales junto a las cascadas. <strong>De hecho<\/strong>, esta experiencia se realiza en pozos naturales inmersos en el bosque.<\/span><\/p>\n<p class=\"translation-block\"><span style=\"color: #333333\"><strong>Adem\u00e1s<\/strong>, compartiremos la medicina sagrada del rap\u00e9. La vibraci\u00f3n de los instrumentos se mezcla hermosamente con los sonidos naturales del agua. <strong>Por consiguiente<\/strong>, esta combinaci\u00f3n permite una relajaci\u00f3n profunda del sistema nervioso, llev\u00e1ndote a un estado de bienestar profundo y reconexi\u00f3n interior.<\/span><\/p>\n\t<\/div>\n<\/div>\n\n\n\n\n\t\t<\/div> \n\t<\/div>\n\t<\/div> \n\n\t<div  class=\"vc_col-sm-4 wpb_column column_container vc_column_container col child_column no-extra-padding inherit_tablet inherit_phone\"   data-padding-pos=\"top\" data-has-bg-color=\"false\" data-bg-color=\"\" data-bg-opacity=\"1\" data-animation=\"\" data-delay=\"0\" >\n\t\t<div class=\"vc_column-inner\" >\n\t\t<div class=\"wpb_wrapper\">\n\t\t\t\n\t<div class=\"wpb_gallery wpb_content_element clearfix\">\n\t\t<div class=\"wpb_wrapper\"><div class=\"wpb_gallery_slidesflickity_static_height_style\" data-onclick=\"link_no\" data-interval=\"5\"><style>.wpb_gallery_slidesflickity_static_height_style .nectar-flickity.instace-6a9938c9aca87:not(.masonry) .flickity-slider .cell img {\n      height: 570px;\n    }\n    @media only screen and (max-width: 1300px) {\n      .wpb_gallery_slidesflickity_static_height_style .nectar-flickity.instace-6a9938c9aca87:not(.masonry) .flickity-slider .cell img {\n        height: 400px;\n      }\n    }\n    @media only screen and (max-width: 1000px) {\n      .wpb_gallery_slidesflickity_static_height_style .nectar-flickity.instace-6a9938c9aca87:not(.masonry) .flickity-slider .cell img {\n        height: 350px;\n      }\n    }\n    @media only screen and (max-width: 690px) {\n      .wpb_gallery_slidesflickity_static_height_style .nectar-flickity.instace-6a9938c9aca87:not(.masonry) .flickity-slider .cell img {\n        height: 570px;\n      }\n    }<\/style><div class=\"nectar-flickity not-initialized instace-6a9938c9aca87\"  data-touch-icon-color=\"default\" data-drag-scale=\"\" data-overflow=\"hidden\" data-wrap=\"wrap\" data-spacing=\"default\" data-shadow=\"none\" data-autoplay=\"\" data-autoplay-dur=\"\" data-free-scroll=\"\" data-controls=\"pagination\"><div class=\"flickity-viewport\"> <div class=\"flickity-slider\"><div class=\"cell\" data-lazy=\"false\"><img loading=\"lazy\" decoding=\"async\" width=\"773\" height=\"580\" src=\"https:\/\/taorayinareservanatural.com\/wp-content\/uploads\/2026\/04\/Sound-healing-3.jpg\" class=\"skip-lazy nectar-lazy attachment-large\" alt=\"\" srcset=\"https:\/\/taorayinareservanatural.com\/wp-content\/uploads\/2026\/04\/Sound-healing-3.jpg 773w, https:\/\/taorayinareservanatural.com\/wp-content\/uploads\/2026\/04\/Sound-healing-3-300x225.jpg 300w, https:\/\/taorayinareservanatural.com\/wp-content\/uploads\/2026\/04\/Sound-healing-3-768x576.jpg 768w, https:\/\/taorayinareservanatural.com\/wp-content\/uploads\/2026\/04\/Sound-healing-3-16x12.jpg 16w\" sizes=\"auto, (max-width: 773px) 100vw, 773px\" \/><\/div><div class=\"cell\" data-lazy=\"false\"><img loading=\"lazy\" decoding=\"async\" width=\"773\" height=\"580\" src=\"https:\/\/taorayinareservanatural.com\/wp-content\/uploads\/2026\/04\/Sound-healing-1.jpg\" class=\"skip-lazy nectar-lazy attachment-large\" alt=\"\" srcset=\"https:\/\/taorayinareservanatural.com\/wp-content\/uploads\/2026\/04\/Sound-healing-1.jpg 773w, https:\/\/taorayinareservanatural.com\/wp-content\/uploads\/2026\/04\/Sound-healing-1-300x225.jpg 300w, https:\/\/taorayinareservanatural.com\/wp-content\/uploads\/2026\/04\/Sound-healing-1-768x576.jpg 768w, https:\/\/taorayinareservanatural.com\/wp-content\/uploads\/2026\/04\/Sound-healing-1-16x12.jpg 16w\" sizes=\"auto, (max-width: 773px) 100vw, 773px\" \/><\/div><div class=\"cell\" data-lazy=\"false\"><img loading=\"lazy\" decoding=\"async\" width=\"773\" height=\"580\" src=\"https:\/\/taorayinareservanatural.com\/wp-content\/uploads\/2026\/04\/Sound-healing-2.jpg\" class=\"skip-lazy nectar-lazy attachment-large\" alt=\"\" srcset=\"https:\/\/taorayinareservanatural.com\/wp-content\/uploads\/2026\/04\/Sound-healing-2.jpg 773w, https:\/\/taorayinareservanatural.com\/wp-content\/uploads\/2026\/04\/Sound-healing-2-300x225.jpg 300w, https:\/\/taorayinareservanatural.com\/wp-content\/uploads\/2026\/04\/Sound-healing-2-768x576.jpg 768w, https:\/\/taorayinareservanatural.com\/wp-content\/uploads\/2026\/04\/Sound-healing-2-16x12.jpg 16w\" sizes=\"auto, (max-width: 773px) 100vw, 773px\" \/><\/div><\/div><\/div><\/div><\/div>\n\t\t<\/div> \n\t<\/div> \n\t\t<\/div> \n\t<\/div>\n\t<\/div> \n<\/div><\/div>\n\t\t\t<\/div> \n\t\t\t<div id=\"tab-immersive-concert-receptive-music-therapy\" data-tab-icon=\"\" class=\"wpb_tab ui-tabs-panel wpb_ui-tabs-hide clearfix\">\n\t\t\t\t<div id=\"fws_6a9938c9ad8d9\" data-midnight=\"\" data-column-margin=\"90px\" class=\"wpb_row vc_row-fluid vc_row inner_row vc_row-o-equal-height vc_row-flex vc_row-o-content-top\"  style=\"padding-top: 3%; padding-bottom: 3%; \"><div class=\"row-bg-wrap\"> <div class=\"row-bg\" ><\/div> <\/div><div class=\"row_col_wrap_12_inner col span_12  left\">\n\t<div  class=\"vc_col-sm-8 wpb_column column_container vc_column_container col child_column no-extra-padding inherit_tablet inherit_phone\"   data-padding-pos=\"top\" data-has-bg-color=\"false\" data-bg-color=\"\" data-bg-opacity=\"1\" data-animation=\"\" data-delay=\"0\" >\n\t\t<div class=\"vc_column-inner\" >\n\t\t<div class=\"wpb_wrapper\">\n\t\t\t\n<div class=\"wpb_text_column wpb_content_element  vc_custom_1784387661333\" style=\" max-width: 800px; display: inline-block;\">\n\t<div class=\"wpb_wrapper\">\n\t\t<p class=\"translation-block\"><span style=\"color: #333333\">La musicoterapia receptiva es una experiencia inmersiva dise\u00f1ada para generar un bienestar profundo. <strong>Espec\u00edficamente<\/strong>, ayuda a relajar el sistema nervioso y fomenta estados de paz interior, calma e inspiraci\u00f3n.<\/span><\/p>\n<p class=\"translation-block\"><span style=\"color: #333333\"><strong>A trav\u00e9s del<\/strong> poder de la vibraci\u00f3n, la melod\u00eda y el ritmo, nos conectamos con otras dimensiones del ser. <strong>Para apoyar esto<\/strong>, instrumentos de diferentes partes del mundo acompa\u00f1an la sesi\u00f3n. Te invitamos a experimentar <em>Aluna Janchagachey<\/em> (pensar y sentir bonito en nuestros corazones), la medicina de la Sierra Nevada de Santa Marta.<\/span><\/p>\n\t<\/div>\n<\/div>\n\n\n\n\n\t\t<\/div> \n\t<\/div>\n\t<\/div> \n\n\t<div  class=\"vc_col-sm-4 wpb_column column_container vc_column_container col child_column no-extra-padding inherit_tablet inherit_phone\"   data-padding-pos=\"top\" data-has-bg-color=\"false\" data-bg-color=\"\" data-bg-opacity=\"1\" data-animation=\"\" data-delay=\"0\" >\n\t\t<div class=\"vc_column-inner\" >\n\t\t<div class=\"wpb_wrapper\">\n\t\t\t<div class=\"nectar_video_player_self_hosted wpb_video_widget wpb_content_element vc_clearfix vc_video-aspect-ratio-916 vc_video-el-width-100 vc_video-align-left  tablet-aspect-916 phone-aspect-916\" data-border-radius=\"none\" data-shadow=\"none\">\n<div class=\"wpb_wrapper\"><div class=\"wpb_video_wrapper\"><video width=\"1280\" height=\"720\" class=\"nectar-video-self-hosted\" preload=\"auto\" controls controlslist=\"nodownload\"><source src=\"https:\/\/taorayinareservanatural.com\/wp-content\/uploads\/2026\/04\/Immersive-concert-receptive-music-therapy.mp4\"  type=\"video\/mp4\"><\/video><\/div><\/div><\/div>\n\t\t<\/div> \n\t<\/div>\n\t<\/div> \n<\/div><\/div>\n\t\t\t<\/div> \n\t\t\t<div id=\"tab-ancestral-kogi-indigenous-ritual\" data-tab-icon=\"\" class=\"wpb_tab ui-tabs-panel wpb_ui-tabs-hide clearfix\">\n\t\t\t\t<div id=\"fws_6a9938c9ade5d\" data-midnight=\"\" data-column-margin=\"90px\" class=\"wpb_row vc_row-fluid vc_row inner_row vc_row-o-equal-height vc_row-flex vc_row-o-content-top\"  style=\"padding-top: 3%; padding-bottom: 3%; \"><div class=\"row-bg-wrap\"> <div class=\"row-bg\" ><\/div> <\/div><div class=\"row_col_wrap_12_inner col span_12  left\">\n\t<div  class=\"vc_col-sm-8 wpb_column column_container vc_column_container col child_column no-extra-padding inherit_tablet inherit_phone\"   data-padding-pos=\"top\" data-has-bg-color=\"false\" data-bg-color=\"\" data-bg-opacity=\"1\" data-animation=\"\" data-delay=\"0\" >\n\t\t<div class=\"vc_column-inner\" >\n\t\t<div class=\"wpb_wrapper\">\n\t\t\t\n<div class=\"wpb_text_column wpb_content_element  vc_custom_1784388071327\" style=\" max-width: 800px; display: inline-block;\">\n\t<div class=\"wpb_wrapper\">\n\t\t<h3 id=\"user-content-the-sacred-mambeo-and-traditional-dance\">El Mambeo Sagrado y la Danza Tradicional<\/h3>\n<p class=\"\"><span style=\"color: #333333;\">Alrededor de una hoguera y en c\u00edrculo, aprenderemos a trabajar con la palabra sagrada y dulce de la vida.\u00a0<strong>Espec\u00edficamente,<\/strong>compartiremos dos elementos ancestrales para guiar nuestra conexi\u00f3n con el territorio:<\/span><\/p>\n<ul>\n<li><strong>Ay\u00fa (coca):<\/strong>\u00a0<span style=\"color: #333333;\">La palabra viva de los pueblos ind\u00edgenas. Es una planta femenina que nos ense\u00f1a el poder del silencio.<\/span><\/li>\n<li><strong>Tabaco<\/strong>\u00a0<span style=\"color: #333333;\">Una planta masculina que nos ayuda a nutrir la palabra y a traer armon\u00eda a nuestros pensamientos.<\/span><\/li>\n<\/ul>\n<p class=\"translation-block\"><span style=\"color: #333333\"><strong>Adem\u00e1s<\/strong>, interpretamos m\u00fasica y danzas tradicionales con nuestros mayores del pueblo Kogui. <strong>De hecho<\/strong>, ellos son guardianes de una sabidur\u00eda ancestral que protege la vida en todas sus dimensiones. <strong>Finalmente<\/strong>, estas danzas se comparten como una ofrenda a la tierra, invitando a la paz interior y la gratitud.<\/span><\/p>\n\t<\/div>\n<\/div>\n\n\n\n\n\t\t<\/div> \n\t<\/div>\n\t<\/div> \n\n\t<div  class=\"vc_col-sm-4 wpb_column column_container vc_column_container col child_column no-extra-padding inherit_tablet inherit_phone\"   data-padding-pos=\"top\" data-has-bg-color=\"false\" data-bg-color=\"\" data-bg-opacity=\"1\" data-animation=\"\" data-delay=\"0\" >\n\t\t<div class=\"vc_column-inner\" >\n\t\t<div class=\"wpb_wrapper\">\n\t\t\t<div class=\"nectar_video_player_self_hosted wpb_video_widget wpb_content_element vc_clearfix vc_video-aspect-ratio-916 vc_video-el-width-100 vc_video-align-left  tablet-aspect-916 phone-aspect-916\" data-border-radius=\"none\" data-shadow=\"none\">\n<div class=\"wpb_wrapper\"><div class=\"wpb_video_wrapper\"><video width=\"1280\" height=\"720\" class=\"nectar-video-self-hosted\" preload=\"auto\" controls controlslist=\"nodownload\"><source src=\"https:\/\/taorayinareservanatural.com\/wp-content\/uploads\/2026\/04\/Ancestral.mp4\"  type=\"video\/mp4\"><\/video><\/div><\/div><\/div>\n\t\t<\/div> \n\t<\/div>\n\t<\/div> \n<\/div><\/div>\n\t\t\t<\/div> \n\t\t\t<div id=\"tab-who-are-we\" data-tab-icon=\"\" class=\"wpb_tab ui-tabs-panel wpb_ui-tabs-hide clearfix\">\n\t\t\t\t<div id=\"fws_6a9938c9ae3f8\" data-midnight=\"\" data-column-margin=\"90px\" class=\"wpb_row vc_row-fluid vc_row inner_row vc_row-o-equal-height vc_row-flex vc_row-o-content-top\"  style=\"padding-top: 3%; padding-bottom: 3%; \"><div class=\"row-bg-wrap\"> <div class=\"row-bg\" ><\/div> <\/div><div class=\"row_col_wrap_12_inner col span_12  left\">\n\t<div  class=\"vc_col-sm-8 wpb_column column_container vc_column_container col child_column no-extra-padding inherit_tablet inherit_phone\"   data-padding-pos=\"top\" data-has-bg-color=\"false\" data-bg-color=\"\" data-bg-opacity=\"1\" data-animation=\"\" data-delay=\"0\" >\n\t\t<div class=\"vc_column-inner\" >\n\t\t<div class=\"wpb_wrapper\">\n\t\t\t\n<div class=\"wpb_text_column wpb_content_element\" >\n\t<div class=\"wpb_wrapper\">\n\t\t<h3 id=\"user-content-meet-your-guides-olga-alejandra-and-mar\u00e1n\">Conozca a sus gu\u00edas: Olga, Alejandra y Mar\u00e1n<\/h3>\n<p class=\"translation-block\"><span style=\"color: #333333\">Olga Cucardo, Alejandra Grillo y Mar\u00e1n son m\u00fasicos, percusionistas y cantautores colombianos. <strong>Adem\u00e1s<\/strong>, son caminantes dedicados de las medicinas tradicionales de Colombia.<\/span><\/p>\n<p class=\"translation-block\"><span style=\"color: #333333\"><strong>Durante los \u00faltimos 8 a\u00f1os<\/strong>, hemos habitado la Sierra Nevada de Santa Marta. <strong>De hecho<\/strong>, este territorio sirve como el coraz\u00f3n de nuestros encuentros personales con el arte, la conservaci\u00f3n del bosque y la restauraci\u00f3n de plantas sagradas. <strong>Por lo tanto<\/strong>, tejemos una vida dedicada a la protecci\u00f3n de esta tierra ancestral.<\/span><\/p>\n\t<\/div>\n<\/div>\n\n\n\n\n\t\t<\/div> \n\t<\/div>\n\t<\/div> \n\n\t<div  class=\"vc_col-sm-4 wpb_column column_container vc_column_container col child_column no-extra-padding inherit_tablet inherit_phone\"   data-padding-pos=\"top\" data-has-bg-color=\"false\" data-bg-color=\"\" data-bg-opacity=\"1\" data-animation=\"\" data-delay=\"0\" >\n\t\t<div class=\"vc_column-inner\" >\n\t\t<div class=\"wpb_wrapper\">\n\t\t\t\n\t<div class=\"wpb_gallery wpb_content_element clearfix\">\n\t\t<div class=\"wpb_wrapper\"><div class=\"wpb_gallery_slidesflickity_static_height_style\" data-onclick=\"link_no\" data-interval=\"5\"><style>.wpb_gallery_slidesflickity_static_height_style .nectar-flickity.instace-6a9938c9ae797:not(.masonry) .flickity-slider .cell img {\n      height: 570px;\n    }\n    @media only screen and (max-width: 1300px) {\n      .wpb_gallery_slidesflickity_static_height_style .nectar-flickity.instace-6a9938c9ae797:not(.masonry) .flickity-slider .cell img {\n        height: 400px;\n      }\n    }\n    @media only screen and (max-width: 1000px) {\n      .wpb_gallery_slidesflickity_static_height_style .nectar-flickity.instace-6a9938c9ae797:not(.masonry) .flickity-slider .cell img {\n        height: 350px;\n      }\n    }\n    @media only screen and (max-width: 690px) {\n      .wpb_gallery_slidesflickity_static_height_style .nectar-flickity.instace-6a9938c9ae797:not(.masonry) .flickity-slider .cell img {\n        height: 570px;\n      }\n    }<\/style><div class=\"nectar-flickity not-initialized instace-6a9938c9ae797\"  data-touch-icon-color=\"default\" data-drag-scale=\"\" data-overflow=\"hidden\" data-wrap=\"wrap\" data-spacing=\"default\" data-shadow=\"none\" data-autoplay=\"\" data-autoplay-dur=\"\" data-free-scroll=\"\" data-controls=\"pagination\"><div class=\"flickity-viewport\"> <div class=\"flickity-slider\"><div class=\"cell\" data-lazy=\"false\"><img loading=\"lazy\" decoding=\"async\" width=\"792\" height=\"1024\" src=\"https:\/\/taorayinareservanatural.com\/wp-content\/uploads\/2025\/12\/Retiro_Retorno_al_Corazon_4-792x1024.jpg\" class=\"skip-lazy nectar-lazy attachment-large\" alt=\"\" srcset=\"https:\/\/taorayinareservanatural.com\/wp-content\/uploads\/2025\/12\/Retiro_Retorno_al_Corazon_4-792x1024.jpg 792w, https:\/\/taorayinareservanatural.com\/wp-content\/uploads\/2025\/12\/Retiro_Retorno_al_Corazon_4-232x300.jpg 232w, https:\/\/taorayinareservanatural.com\/wp-content\/uploads\/2025\/12\/Retiro_Retorno_al_Corazon_4-768x993.jpg 768w, https:\/\/taorayinareservanatural.com\/wp-content\/uploads\/2025\/12\/Retiro_Retorno_al_Corazon_4-1188x1536.jpg 1188w, https:\/\/taorayinareservanatural.com\/wp-content\/uploads\/2025\/12\/Retiro_Retorno_al_Corazon_4.jpg 1347w\" sizes=\"auto, (max-width: 792px) 100vw, 792px\" \/><\/div><div class=\"cell\" data-lazy=\"false\"><img loading=\"lazy\" decoding=\"async\" width=\"792\" height=\"1024\" src=\"https:\/\/taorayinareservanatural.com\/wp-content\/uploads\/2025\/12\/Retiro_Retorno_al_Corazon_3-792x1024.jpg\" class=\"skip-lazy nectar-lazy attachment-large\" alt=\"\" srcset=\"https:\/\/taorayinareservanatural.com\/wp-content\/uploads\/2025\/12\/Retiro_Retorno_al_Corazon_3-792x1024.jpg 792w, https:\/\/taorayinareservanatural.com\/wp-content\/uploads\/2025\/12\/Retiro_Retorno_al_Corazon_3-232x300.jpg 232w, https:\/\/taorayinareservanatural.com\/wp-content\/uploads\/2025\/12\/Retiro_Retorno_al_Corazon_3-768x993.jpg 768w, https:\/\/taorayinareservanatural.com\/wp-content\/uploads\/2025\/12\/Retiro_Retorno_al_Corazon_3-1188x1536.jpg 1188w, https:\/\/taorayinareservanatural.com\/wp-content\/uploads\/2025\/12\/Retiro_Retorno_al_Corazon_3.jpg 1347w\" sizes=\"auto, (max-width: 792px) 100vw, 792px\" \/><\/div><div class=\"cell\" data-lazy=\"false\"><img loading=\"lazy\" decoding=\"async\" width=\"806\" height=\"1024\" src=\"https:\/\/taorayinareservanatural.com\/wp-content\/uploads\/2026\/04\/Alejandra-grillo-806x1024.webp\" class=\"skip-lazy nectar-lazy attachment-large\" alt=\"\" srcset=\"https:\/\/taorayinareservanatural.com\/wp-content\/uploads\/2026\/04\/Alejandra-grillo-806x1024.webp 806w, https:\/\/taorayinareservanatural.com\/wp-content\/uploads\/2026\/04\/Alejandra-grillo-236x300.webp 236w, https:\/\/taorayinareservanatural.com\/wp-content\/uploads\/2026\/04\/Alejandra-grillo-768x975.webp 768w, https:\/\/taorayinareservanatural.com\/wp-content\/uploads\/2026\/04\/Alejandra-grillo-9x12.webp 9w, https:\/\/taorayinareservanatural.com\/wp-content\/uploads\/2026\/04\/Alejandra-grillo.webp 1156w\" sizes=\"auto, (max-width: 806px) 100vw, 806px\" \/><\/div><\/div><\/div><\/div><\/div>\n\t\t<\/div> \n\t<\/div> \n\t\t<\/div> \n\t<\/div>\n\t<\/div> \n<\/div><\/div>\n\t\t\t<\/div> \n\t\t\t<div id=\"tab-program\" data-tab-icon=\"\" class=\"wpb_tab ui-tabs-panel wpb_ui-tabs-hide clearfix\">\n\t\t\t\t<div id=\"fws_6a9938c9af8af\" data-midnight=\"\" data-column-margin=\"90px\" class=\"wpb_row vc_row-fluid vc_row inner_row vc_row-o-equal-height vc_row-flex vc_row-o-content-top\"  style=\"padding-top: 3%; padding-bottom: 3%; \"><div class=\"row-bg-wrap\"> <div class=\"row-bg\" ><\/div> <\/div><div class=\"row_col_wrap_12_inner col span_12  left\">\n\t<div  class=\"vc_col-sm-8 wpb_column column_container vc_column_container col child_column no-extra-padding inherit_tablet inherit_phone\"   data-padding-pos=\"top\" data-has-bg-color=\"false\" data-bg-color=\"\" data-bg-opacity=\"1\" data-animation=\"\" data-delay=\"0\" >\n\t\t<div class=\"vc_column-inner\" >\n\t\t<div class=\"wpb_wrapper\">\n\t\t\t\n<div class=\"wpb_text_column wpb_content_element\" >\n\t<div class=\"wpb_wrapper\">\n\t\t<h3 id=\"user-content-retreat-program-details\">Detalles del programa del retiro<\/h3>\n<p class=\"translation-block\"><span style=\"color: #333333\">Bienvenidos a nuestra reserva natural y ecolodge. El d\u00eda de su llegada, ofreceremos un almuerzo fresco, seguido de una sesi\u00f3n de integraci\u00f3n de apertura y descanso. <strong>En la noche<\/strong>, compartiremos una ceremonia de cacao al atardecer, cena y descanso.<\/span><\/p>\n<p class=\"\"><span style=\"color: #333333;\"><strong>Para los d\u00edas siguientes,<\/strong>podr\u00e1s disfrutar de clases de yoga, pranayama y meditaci\u00f3n al amanecer.\u00a0<strong>Adem\u00e1s,<\/strong>caminaremos por el bosque hasta cascadas y pozas naturales. Nuestro programa tambi\u00e9n incluye sanaci\u00f3n con sonido, c\u00edrculos de rap\u00e9, una ceremonia de psilocibina, una sesi\u00f3n de temazcal, rituales ancestrales Kogui y una visita a hermosas playas.<\/span><\/p>\n<h3 class=\"p1\">Primer d\u00eda<\/h3>\n<p class=\"p1\"><span style=\"color: #000000;\">Llegada a la reserva natural \u2013 bienvenida e integraci\u00f3n \u2013 almuerzo \u2013 instalaci\u00f3n en caba\u00f1as \u2013 descanso \u2013 ceremonia de cacao \u2013 cena \u2013 sue\u00f1o.<\/span><\/p>\n<h3 class=\"p1\">Segundo d\u00eda<\/h3>\n<p class=\"p1\"><span style=\"color: #000000;\">Clase de hatha yoga, pranayama y meditaci\u00f3n al amanecer \u2013 desayuno \u2013 descanso \u2013 caminata de 25 minutos por el bosque hacia cascadas y piscinas naturales \u2013 sanaci\u00f3n con sonido mediante cuencos tibetanos y compartir de medicina de rap\u00e9 \u2013 regreso al ecolodge \u2013 almuerzo \u2013 descanso \u2013 ceremonia de psilocibina \u2013 sue\u00f1o.<\/span><\/p>\n<h3>Tercer d\u00eda<\/h3>\n<p class=\"p1\"><span style=\"color: #000000;\">Desayuno \u2013 danza ext\u00e1tica y cacao ceremonial \u2013 visita a cascadas y piscinas naturales \u2013 almuerzo \u2013 regreso al ecolodge \u2013 descanso \u2013 compartir de sabidur\u00eda ind\u00edgena Kogui con danzas tradicionales \u2013 cena \u2013 sue\u00f1o.<\/span><\/p>\n<h3 class=\"p1\">Cuarto d\u00eda<\/h3>\n<p><span style=\"color: #000000;\">Clase de hatha yoga, pranayama y meditaci\u00f3n al amanecer \u2013 desayuno \u2013 ceremonia de temazcal (inipi) y ritual ind\u00edgena Kogui en la playa \u2013 almuerzo en la playa \u2013 regreso al ecolodge \u2013 descanso \u2013 cena y m\u00fasica \u2013 concierto de m\u00fasica medicina \u2013 sue\u00f1o.<\/span><\/p>\n<h3 class=\"p1\">Quinto d\u00eda<\/h3>\n<p class=\"p1\"><span style=\"color: #000000;\">Desayuno \u2013 despedida \u2013 salida hacia el aeropuerto (con la opci\u00f3n para cada persona de continuar su viaje si as\u00ed lo decide).<\/span><\/p>\n\t<\/div>\n<\/div>\n\n\n\n\n\t\t<\/div> \n\t<\/div>\n\t<\/div> \n\n\t<div  class=\"vc_col-sm-4 wpb_column column_container vc_column_container col child_column no-extra-padding inherit_tablet inherit_phone\"   data-padding-pos=\"top\" data-has-bg-color=\"false\" data-bg-color=\"\" data-bg-opacity=\"1\" data-animation=\"\" data-delay=\"0\" >\n\t\t<div class=\"vc_column-inner\" >\n\t\t<div class=\"wpb_wrapper\">\n\t\t\t\n\t<div class=\"wpb_gallery wpb_content_element clearfix\">\n\t\t<div class=\"wpb_wrapper\"><div class=\"wpb_gallery_slidesflickity_static_height_style\" data-onclick=\"link_no\" data-interval=\"5\"><style>.wpb_gallery_slidesflickity_static_height_style .nectar-flickity.instace-6a9938c9afcac:not(.masonry) .flickity-slider .cell img {\n      height: 570px;\n    }\n    @media only screen and (max-width: 1300px) {\n      .wpb_gallery_slidesflickity_static_height_style .nectar-flickity.instace-6a9938c9afcac:not(.masonry) .flickity-slider .cell img {\n        height: 400px;\n      }\n    }\n    @media only screen and (max-width: 1000px) {\n      .wpb_gallery_slidesflickity_static_height_style .nectar-flickity.instace-6a9938c9afcac:not(.masonry) .flickity-slider .cell img {\n        height: 350px;\n      }\n    }\n    @media only screen and (max-width: 690px) {\n      .wpb_gallery_slidesflickity_static_height_style .nectar-flickity.instace-6a9938c9afcac:not(.masonry) .flickity-slider .cell img {\n        height: 570px;\n      }\n    }<\/style><div class=\"nectar-flickity not-initialized instace-6a9938c9afcac\"  data-touch-icon-color=\"default\" data-drag-scale=\"\" data-overflow=\"hidden\" data-wrap=\"wrap\" data-spacing=\"default\" data-shadow=\"none\" data-autoplay=\"\" data-autoplay-dur=\"\" data-free-scroll=\"\" data-controls=\"pagination\"><div class=\"flickity-viewport\"> <div class=\"flickity-slider\"><div class=\"cell\" data-lazy=\"false\"><img loading=\"lazy\" decoding=\"async\" width=\"792\" height=\"1024\" src=\"https:\/\/taorayinareservanatural.com\/wp-content\/uploads\/2025\/12\/Retiro_Retorno_al_Corazon_4-792x1024.jpg\" class=\"skip-lazy nectar-lazy attachment-large\" alt=\"\" srcset=\"https:\/\/taorayinareservanatural.com\/wp-content\/uploads\/2025\/12\/Retiro_Retorno_al_Corazon_4-792x1024.jpg 792w, https:\/\/taorayinareservanatural.com\/wp-content\/uploads\/2025\/12\/Retiro_Retorno_al_Corazon_4-232x300.jpg 232w, https:\/\/taorayinareservanatural.com\/wp-content\/uploads\/2025\/12\/Retiro_Retorno_al_Corazon_4-768x993.jpg 768w, https:\/\/taorayinareservanatural.com\/wp-content\/uploads\/2025\/12\/Retiro_Retorno_al_Corazon_4-1188x1536.jpg 1188w, https:\/\/taorayinareservanatural.com\/wp-content\/uploads\/2025\/12\/Retiro_Retorno_al_Corazon_4.jpg 1347w\" sizes=\"auto, (max-width: 792px) 100vw, 792px\" \/><\/div><div class=\"cell\" data-lazy=\"false\"><img loading=\"lazy\" decoding=\"async\" width=\"792\" height=\"1024\" src=\"https:\/\/taorayinareservanatural.com\/wp-content\/uploads\/2025\/12\/Retiro_Retorno_al_Corazon_3-792x1024.jpg\" class=\"skip-lazy nectar-lazy attachment-large\" alt=\"\" srcset=\"https:\/\/taorayinareservanatural.com\/wp-content\/uploads\/2025\/12\/Retiro_Retorno_al_Corazon_3-792x1024.jpg 792w, https:\/\/taorayinareservanatural.com\/wp-content\/uploads\/2025\/12\/Retiro_Retorno_al_Corazon_3-232x300.jpg 232w, https:\/\/taorayinareservanatural.com\/wp-content\/uploads\/2025\/12\/Retiro_Retorno_al_Corazon_3-768x993.jpg 768w, https:\/\/taorayinareservanatural.com\/wp-content\/uploads\/2025\/12\/Retiro_Retorno_al_Corazon_3-1188x1536.jpg 1188w, https:\/\/taorayinareservanatural.com\/wp-content\/uploads\/2025\/12\/Retiro_Retorno_al_Corazon_3.jpg 1347w\" sizes=\"auto, (max-width: 792px) 100vw, 792px\" \/><\/div><div class=\"cell\" data-lazy=\"false\"><img loading=\"lazy\" decoding=\"async\" width=\"806\" height=\"1024\" src=\"https:\/\/taorayinareservanatural.com\/wp-content\/uploads\/2026\/04\/Alejandra-grillo-806x1024.webp\" class=\"skip-lazy nectar-lazy attachment-large\" alt=\"\" srcset=\"https:\/\/taorayinareservanatural.com\/wp-content\/uploads\/2026\/04\/Alejandra-grillo-806x1024.webp 806w, https:\/\/taorayinareservanatural.com\/wp-content\/uploads\/2026\/04\/Alejandra-grillo-236x300.webp 236w, https:\/\/taorayinareservanatural.com\/wp-content\/uploads\/2026\/04\/Alejandra-grillo-768x975.webp 768w, https:\/\/taorayinareservanatural.com\/wp-content\/uploads\/2026\/04\/Alejandra-grillo-9x12.webp 9w, https:\/\/taorayinareservanatural.com\/wp-content\/uploads\/2026\/04\/Alejandra-grillo.webp 1156w\" sizes=\"auto, (max-width: 806px) 100vw, 806px\" \/><\/div><\/div><\/div><\/div><\/div>\n\t\t<\/div> \n\t<\/div> \n\t\t<\/div> \n\t<\/div>\n\t<\/div> \n<\/div><\/div>\n\t\t\t<\/div> \n\t\t<\/div> \n\t<\/div> \n\t\t\t<\/div> \n\t\t<\/div>\n\t<\/div> \n<\/div><\/div>\n\t\t<div id=\"retreat_booking\"  data-column-margin=\"default\" data-midnight=\"dark\"  class=\"wpb_row vc_row-fluid vc_row full-width-section\"  style=\"padding-top: 0px; padding-bottom: 0px; \"><div class=\"row-bg-wrap\" data-bg-animation=\"none\" data-bg-overlay=\"false\"><div class=\"inner-wrap\"><div class=\"row-bg viewport-desktop using-bg-color\"  style=\"background-color: #628778; \"><\/div><\/div><\/div><div class=\"row_col_wrap_12 col span_12 dark left\">\n\t<div  class=\"vc_col-sm-3 wpb_column column_container vc_column_container col no-extra-padding inherit_tablet inherit_phone\"  data-padding-pos=\"all\" data-has-bg-color=\"false\" data-bg-color=\"\" data-bg-opacity=\"1\" data-animation=\"\" data-delay=\"0\" >\n\t\t<div class=\"vc_column-inner\" >\n\t\t\t<div class=\"wpb_wrapper\">\n\t\t\t\t\n\t\t\t<\/div> \n\t\t<\/div>\n\t<\/div> \n\n\t<div  class=\"vc_col-sm-6 wpb_column column_container vc_column_container col no-extra-padding inherit_tablet inherit_phone\"  data-padding-pos=\"all\" data-has-bg-color=\"false\" data-bg-color=\"\" data-bg-opacity=\"1\" data-animation=\"\" data-delay=\"0\" >\n\t\t<div class=\"vc_column-inner\" >\n\t\t\t<div class=\"wpb_wrapper\">\n\t\t\t\t\n\t<div class=\"wpb_raw_code wpb_content_element wpb_raw_html\" >\n\t\t<div class=\"wpb_wrapper\">\n\t\t\t    <div class=\"taorayina-booking-container\">\n        <form id=\"taorayina-retreat-booking-form\" method=\"post\" action=\"\" data-trp-original-action=\"\">\n            \n            <div class=\"booking-row\">\n                <div class=\"booking-field\">\n                    <label for=\"ret_client_name\">Nombre Completo<\/label>\n                    <input type=\"text\" id=\"ret_client_name\" name=\"ret_client_name\" placeholder=\"Tu nombre\" required \/>\n                <\/div>\n                <div class=\"booking-field\">\n                    <label for=\"ret_client_email\">Correo Electr\u00f3nico<\/label>\n                    <input type=\"email\" id=\"ret_client_email\" name=\"ret_client_email\" placeholder=\"tu@email.com\" required \/>\n                <\/div>\n            <\/div>\n\n            <div class=\"booking-row\">\n                <div class=\"booking-field\" style=\"grid-column: span 2;\">\n                    <label for=\"ret_select_id\">Selecciona el Retiro<\/label>\n                    <select id=\"ret_select_id\" name=\"ret_select_id\" required>\n                        <option value=\"\">Elige un retiro programado...<\/option>\n                                                    <option value=\"1576\" >\n                                Return to the heart - October | 22\/10\/2026 al 26\/10\/2026 (Cupos disponibles: 10)                            <\/option>\n                                                    <option value=\"1398\" >\n                                Return to the heart - December | 10\/12\/2026 al 14\/12\/2026 (Cupos disponibles: 10)                            <\/option>\n                                                    <option value=\"2023\" >\n                                Return to the heart - February - March | 25\/02\/2027 al 01\/03\/2027 (Cupos disponibles: 10)                            <\/option>\n                                                    <option value=\"2025\" >\n                                Return to the heart - May | 06\/05\/2027 al 10\/05\/2027 (Cupos disponibles: 10)                            <\/option>\n                                            <\/select>\n                <\/div>\n            <\/div>\n\n            <div class=\"booking-row\">\n                <div class=\"booking-field\">\n                    <label for=\"ret_client_phone\">Tel\u00e9fono \/ WhatsApp<\/label>\n                    <input type=\"text\" id=\"ret_client_phone\" name=\"ret_client_phone\" placeholder=\"Ej: 3201234567\" required \/>\n                <\/div>\n                <div class=\"booking-field\">\n                    <label for=\"ret_num_guests\">Cupos a Reservar<\/label>\n                    <select id=\"ret_num_guests\" name=\"ret_num_guests\" required>\n                        <option value=\"1\">1<\/option>\n                    <\/select>\n                <\/div>\n            <\/div>\n\n            <div id=\"retreat-price-preview\" class=\"booking-price-preview\" style=\"display: none;\">\n                <span class=\"preview-label\">Total Estimado:<\/span>\n                <span id=\"retreat-price-amount\" class=\"preview-amount\">$0 COP<\/span>\n                <span id=\"retreat-spots-count\" class=\"preview-nights\"><\/span>\n            <\/div>\n\n            <button type=\"submit\" id=\"submit-retreat-btn\" class=\"submit-booking-btn\">\n                <span>Solicitar Reserva de Retiro<\/span>\n                <div class=\"spinner\" style=\"display: none;\"><\/div>\n            <\/button>\n\n            <div id=\"retreat-form-message\" class=\"booking-form-message\" style=\"display: none;\"><\/div>\n        <input type=\"hidden\" name=\"trp-form-language\" value=\"es\"\/><\/form>\n    <\/div>\n    \n\t\t<\/div>\n\t<\/div>\n<div class=\"divider-wrap height_tablet_60px height_phone_40px\" data-alignment=\"default\"><div style=\"height: 70px;\" class=\"divider\"><\/div><\/div>\n\t\t\t<\/div> \n\t\t<\/div>\n\t<\/div> \n\n\t<div  class=\"vc_col-sm-3 wpb_column column_container vc_column_container col no-extra-padding inherit_tablet inherit_phone\"  data-padding-pos=\"all\" data-has-bg-color=\"false\" data-bg-color=\"\" data-bg-opacity=\"1\" data-animation=\"\" data-delay=\"0\" >\n\t\t<div class=\"vc_column-inner\" >\n\t\t\t<div class=\"wpb_wrapper\">\n\t\t\t\t\n\t\t\t<\/div> \n\t\t<\/div>\n\t<\/div> \n<\/div><\/div>","protected":false},"excerpt":{"rendered":"Immersion: Return to the heart Get to know our detailed \u2018Return to the Heart\u2019 program. Discover our ceremonies, rituals, yoga practices, and the purpose behind every encounter in the sacred...","protected":false},"author":1,"featured_media":0,"parent":0,"menu_order":0,"comment_status":"closed","ping_status":"closed","template":"","meta":{"footnotes":""},"class_list":["post-547","page","type-page","status-publish"],"yoast_head":"<!-- This site is optimized with the Yoast SEO plugin v26.6 - https:\/\/yoast.com\/wordpress\/plugins\/seo\/ -->\n<title>Return to the Heart Wellness Retreat near Tayrona | Taorayina Reserva Natural<\/title>\n<meta name=\"description\" content=\"Join or host life-changing wellness retreats in the Sierra Nevada de Santa Marta. Reconnect with nature, ancestral wisdom, and your inner self.\" \/>\n<meta name=\"robots\" content=\"index, follow, max-snippet:-1, max-image-preview:large, max-video-preview:-1\" \/>\n<link rel=\"canonical\" href=\"https:\/\/taorayinareservanatural.com\/es\/immersion-return-to-the-heart\/\" \/>\n<meta property=\"og:locale\" content=\"es_ES\" \/>\n<meta property=\"og:type\" content=\"article\" \/>\n<meta property=\"og:title\" content=\"Return to the Heart Wellness Retreat near Tayrona | Taorayina Reserva Natural\" \/>\n<meta property=\"og:description\" content=\"Join or host life-changing wellness retreats in the Sierra Nevada de Santa Marta. Reconnect with nature, ancestral wisdom, and your inner self.\" \/>\n<meta property=\"og:url\" content=\"https:\/\/taorayinareservanatural.com\/es\/immersion-return-to-the-heart\/\" \/>\n<meta property=\"og:site_name\" content=\"Taorayina Reserva Natural\" \/>\n<meta property=\"article:publisher\" content=\"https:\/\/www.facebook.com\/profile.php?id=100072165767017\" \/>\n<meta property=\"article:modified_time\" content=\"2026-07-18T15:27:57+00:00\" \/>\n<meta property=\"og:image\" content=\"https:\/\/taorayinareservanatural.com\/wp-content\/uploads\/2026\/01\/taorayina-Reserva-natural.jpg\" \/>\n\t<meta property=\"og:image:width\" content=\"1200\" \/>\n\t<meta property=\"og:image:height\" content=\"628\" \/>\n\t<meta property=\"og:image:type\" content=\"image\/jpeg\" \/>\n<meta name=\"twitter:card\" content=\"summary_large_image\" \/>\n<meta name=\"twitter:label1\" content=\"Tiempo de lectura\" \/>\n\t<meta name=\"twitter:data1\" content=\"17 minutos\" \/>\n<script type=\"application\/ld+json\" class=\"yoast-schema-graph\">{\"@context\":\"https:\/\/schema.org\",\"@graph\":[{\"@type\":\"WebPage\",\"@id\":\"https:\/\/taorayinareservanatural.com\/immersion-return-to-the-heart\/\",\"url\":\"https:\/\/taorayinareservanatural.com\/immersion-return-to-the-heart\/\",\"name\":\"Return to the Heart Wellness Retreat near Tayrona | Taorayina Reserva Natural\",\"isPartOf\":{\"@id\":\"https:\/\/taorayinareservanatural.com\/#website\"},\"datePublished\":\"2025-12-13T15:47:15+00:00\",\"dateModified\":\"2026-07-18T15:27:57+00:00\",\"description\":\"Join or host life-changing wellness retreats in the Sierra Nevada de Santa Marta. Reconnect with nature, ancestral wisdom, and your inner self.\",\"breadcrumb\":{\"@id\":\"https:\/\/taorayinareservanatural.com\/immersion-return-to-the-heart\/#breadcrumb\"},\"inLanguage\":\"es-CO\",\"potentialAction\":[{\"@type\":\"ReadAction\",\"target\":[\"https:\/\/taorayinareservanatural.com\/immersion-return-to-the-heart\/\"]}]},{\"@type\":\"BreadcrumbList\",\"@id\":\"https:\/\/taorayinareservanatural.com\/immersion-return-to-the-heart\/#breadcrumb\",\"itemListElement\":[{\"@type\":\"ListItem\",\"position\":1,\"name\":\"Home\",\"item\":\"https:\/\/taorayinareservanatural.com\/\"},{\"@type\":\"ListItem\",\"position\":2,\"name\":\"Immersion: Return to the heart\"}]},{\"@type\":\"WebSite\",\"@id\":\"https:\/\/taorayinareservanatural.com\/#website\",\"url\":\"https:\/\/taorayinareservanatural.com\/\",\"name\":\"Taorayina Reserva Natural\",\"description\":\"Taorayina Nature Reserve  A Wellness &amp; Nature Retreat\",\"publisher\":{\"@id\":\"https:\/\/taorayinareservanatural.com\/#organization\"},\"alternateName\":\"Taorayina Reserva Natural\",\"potentialAction\":[{\"@type\":\"SearchAction\",\"target\":{\"@type\":\"EntryPoint\",\"urlTemplate\":\"https:\/\/taorayinareservanatural.com\/?s={search_term_string}\"},\"query-input\":{\"@type\":\"PropertyValueSpecification\",\"valueRequired\":true,\"valueName\":\"search_term_string\"}}],\"inLanguage\":\"es-CO\"},{\"@type\":\"Organization\",\"@id\":\"https:\/\/taorayinareservanatural.com\/#organization\",\"name\":\"Taorayina Reserva Natural\",\"alternateName\":\"Taorayina Reserva Natural\",\"url\":\"https:\/\/taorayinareservanatural.com\/\",\"logo\":{\"@type\":\"ImageObject\",\"inLanguage\":\"es-CO\",\"@id\":\"https:\/\/taorayinareservanatural.com\/#\/schema\/logo\/image\/\",\"url\":\"https:\/\/taorayinareservanatural.com\/wp-content\/uploads\/2025\/11\/taorayinareservanatural_negro.svg\",\"contentUrl\":\"https:\/\/taorayinareservanatural.com\/wp-content\/uploads\/2025\/11\/taorayinareservanatural_negro.svg\",\"width\":360,\"height\":90,\"caption\":\"Taorayina Reserva Natural\"},\"image\":{\"@id\":\"https:\/\/taorayinareservanatural.com\/#\/schema\/logo\/image\/\"},\"sameAs\":[\"https:\/\/www.facebook.com\/profile.php?id=100072165767017\",\"https:\/\/www.instagram.com\/taorayinareservanatural\/\",\"https:\/\/www.tripadvisor.co\/Hotel_Review-g297484-d23650886-Reviews-Taorayina-Santa_Marta_Santa_Marta_Municipality_Magdalena_Department.html\",\"https:\/\/www.hostelworld.com\/es\/hoteles\/p\/312489\/taorayina\/\",\"https:\/\/www.booking.com\/searchresults.es.html?aid=356980&label=gog235jc-10CAsoMkIZdGFvcmF5aW5hLW5hdHVyYWwtcmVzZXJ2ZUgKWANoMogBAZgBM7gBB8gBDNgBA-gBAfgBAYgCAagCAbgCrvDgygbAAgHSAiQ0NTBiMjE5Yi01ZTZmLTRiZjAtYTI3ZS0wNjg1Nzg4MDZlZjXYAgHgAgE&highlighted_hotels=7616745&redirected=1&city=900052033&hlrd=user_sh&source=hotel&expand_sb=1&keep_landing=1&sid=90274836b27aaf98dc9e3e1a91b9427d\"]}]}<\/script>\n<!-- \/ Yoast SEO plugin. -->","yoast_head_json":{"title":"Return to the Heart Wellness Retreat near Tayrona | Taorayina Reserva Natural","description":"Join or host life-changing wellness retreats in the Sierra Nevada de Santa Marta. Reconnect with nature, ancestral wisdom, and your inner self.","robots":{"index":"index","follow":"follow","max-snippet":"max-snippet:-1","max-image-preview":"max-image-preview:large","max-video-preview":"max-video-preview:-1"},"canonical":"https:\/\/taorayinareservanatural.com\/es\/immersion-return-to-the-heart\/","og_locale":"es_ES","og_type":"article","og_title":"Return to the Heart Wellness Retreat near Tayrona | Taorayina Reserva Natural","og_description":"Join or host life-changing wellness retreats in the Sierra Nevada de Santa Marta. Reconnect with nature, ancestral wisdom, and your inner self.","og_url":"https:\/\/taorayinareservanatural.com\/es\/immersion-return-to-the-heart\/","og_site_name":"Taorayina Reserva Natural","article_publisher":"https:\/\/www.facebook.com\/profile.php?id=100072165767017","article_modified_time":"2026-07-18T15:27:57+00:00","og_image":[{"width":1200,"height":628,"url":"https:\/\/taorayinareservanatural.com\/wp-content\/uploads\/2026\/01\/taorayina-Reserva-natural.jpg","type":"image\/jpeg"}],"twitter_card":"summary_large_image","twitter_misc":{"Tiempo de lectura":"17 minutos"},"schema":{"@context":"https:\/\/schema.org","@graph":[{"@type":"WebPage","@id":"https:\/\/taorayinareservanatural.com\/immersion-return-to-the-heart\/","url":"https:\/\/taorayinareservanatural.com\/immersion-return-to-the-heart\/","name":"Return to the Heart Wellness Retreat near Tayrona | Taorayina Reserva Natural","isPartOf":{"@id":"https:\/\/taorayinareservanatural.com\/#website"},"datePublished":"2025-12-13T15:47:15+00:00","dateModified":"2026-07-18T15:27:57+00:00","description":"Join or host life-changing wellness retreats in the Sierra Nevada de Santa Marta. Reconnect with nature, ancestral wisdom, and your inner self.","breadcrumb":{"@id":"https:\/\/taorayinareservanatural.com\/immersion-return-to-the-heart\/#breadcrumb"},"inLanguage":"es-CO","potentialAction":[{"@type":"ReadAction","target":["https:\/\/taorayinareservanatural.com\/immersion-return-to-the-heart\/"]}]},{"@type":"BreadcrumbList","@id":"https:\/\/taorayinareservanatural.com\/immersion-return-to-the-heart\/#breadcrumb","itemListElement":[{"@type":"ListItem","position":1,"name":"Home","item":"https:\/\/taorayinareservanatural.com\/"},{"@type":"ListItem","position":2,"name":"Immersion: Return to the heart"}]},{"@type":"WebSite","@id":"https:\/\/taorayinareservanatural.com\/#website","url":"https:\/\/taorayinareservanatural.com\/","name":"Taorayina Reserva Natural","description":"Taorayina Nature Reserve  A Wellness &amp; Nature Retreat","publisher":{"@id":"https:\/\/taorayinareservanatural.com\/#organization"},"alternateName":"Taorayina Reserva Natural","potentialAction":[{"@type":"SearchAction","target":{"@type":"EntryPoint","urlTemplate":"https:\/\/taorayinareservanatural.com\/?s={search_term_string}"},"query-input":{"@type":"PropertyValueSpecification","valueRequired":true,"valueName":"search_term_string"}}],"inLanguage":"es-CO"},{"@type":"Organization","@id":"https:\/\/taorayinareservanatural.com\/#organization","name":"Taorayina Reserva Natural","alternateName":"Taorayina Reserva Natural","url":"https:\/\/taorayinareservanatural.com\/","logo":{"@type":"ImageObject","inLanguage":"es-CO","@id":"https:\/\/taorayinareservanatural.com\/#\/schema\/logo\/image\/","url":"https:\/\/taorayinareservanatural.com\/wp-content\/uploads\/2025\/11\/taorayinareservanatural_negro.svg","contentUrl":"https:\/\/taorayinareservanatural.com\/wp-content\/uploads\/2025\/11\/taorayinareservanatural_negro.svg","width":360,"height":90,"caption":"Taorayina Reserva Natural"},"image":{"@id":"https:\/\/taorayinareservanatural.com\/#\/schema\/logo\/image\/"},"sameAs":["https:\/\/www.facebook.com\/profile.php?id=100072165767017","https:\/\/www.instagram.com\/taorayinareservanatural\/","https:\/\/www.tripadvisor.co\/Hotel_Review-g297484-d23650886-Reviews-Taorayina-Santa_Marta_Santa_Marta_Municipality_Magdalena_Department.html","https:\/\/www.hostelworld.com\/es\/hoteles\/p\/312489\/taorayina\/","https:\/\/www.booking.com\/searchresults.es.html?aid=356980&label=gog235jc-10CAsoMkIZdGFvcmF5aW5hLW5hdHVyYWwtcmVzZXJ2ZUgKWANoMogBAZgBM7gBB8gBDNgBA-gBAfgBAYgCAagCAbgCrvDgygbAAgHSAiQ0NTBiMjE5Yi01ZTZmLTRiZjAtYTI3ZS0wNjg1Nzg4MDZlZjXYAgHgAgE&highlighted_hotels=7616745&redirected=1&city=900052033&hlrd=user_sh&source=hotel&expand_sb=1&keep_landing=1&sid=90274836b27aaf98dc9e3e1a91b9427d"]}]}},"_links":{"self":[{"href":"https:\/\/taorayinareservanatural.com\/es\/wp-json\/wp\/v2\/pages\/547","targetHints":{"allow":["GET"]}}],"collection":[{"href":"https:\/\/taorayinareservanatural.com\/es\/wp-json\/wp\/v2\/pages"}],"about":[{"href":"https:\/\/taorayinareservanatural.com\/es\/wp-json\/wp\/v2\/types\/page"}],"author":[{"embeddable":true,"href":"https:\/\/taorayinareservanatural.com\/es\/wp-json\/wp\/v2\/users\/1"}],"replies":[{"embeddable":true,"href":"https:\/\/taorayinareservanatural.com\/es\/wp-json\/wp\/v2\/comments?post=547"}],"version-history":[{"count":300,"href":"https:\/\/taorayinareservanatural.com\/es\/wp-json\/wp\/v2\/pages\/547\/revisions"}],"predecessor-version":[{"id":2312,"href":"https:\/\/taorayinareservanatural.com\/es\/wp-json\/wp\/v2\/pages\/547\/revisions\/2312"}],"wp:attachment":[{"href":"https:\/\/taorayinareservanatural.com\/es\/wp-json\/wp\/v2\/media?parent=547"}],"curies":[{"name":"wp","href":"https:\/\/api.w.org\/{rel}","templated":true}]}}