{"id":2150,"date":"2026-07-14T23:27:59","date_gmt":"2026-07-14T23:27:59","guid":{"rendered":"https:\/\/taorayinareservanatural.com\/?page_id=2150"},"modified":"2026-07-17T17:00:24","modified_gmt":"2026-07-17T17:00:24","slug":"observation-of-endemic-birds","status":"publish","type":"page","link":"https:\/\/taorayinareservanatural.com\/es\/observation-of-endemic-birds\/","title":{"rendered":"Observaci\u00f3n de aves end\u00e9micas"},"content":{"rendered":"<div id=\"fws_6a9ac3508f313\"  data-column-margin=\"default\" data-midnight=\"dark\"  class=\"wpb_row vc_row-fluid vc_row\"  style=\"padding-top: 0px; padding-bottom: 0px; \"><div class=\"row-bg-wrap\" data-bg-animation=\"none\" data-bg-overlay=\"false\"><div class=\"inner-wrap\"><div class=\"row-bg viewport-desktop\"  style=\"\"><\/div><\/div><\/div><div class=\"row_col_wrap_12 col span_12 dark left\">\n\t<div  class=\"vc_col-sm-12 wpb_column column_container vc_column_container col no-extra-padding inherit_tablet inherit_phone\"  data-padding-pos=\"all\" data-has-bg-color=\"false\" data-bg-color=\"\" data-bg-opacity=\"1\" data-animation=\"\" data-delay=\"0\" >\n\t\t<div class=\"vc_column-inner\" >\n\t\t\t<div class=\"wpb_wrapper\">\n\t\t\t\t<div class=\"nectar-highlighted-text\" data-style=\"full_text\" data-exp=\"default\" data-using-custom-color=\"false\" data-animation-delay=\"false\" data-color=\"\" data-color-gradient=\"\" style=\"\">\n<h1>Observaci\u00f3n de aves end\u00e9micas<\/h1>\n<\/div>\n<div class=\"wpb_text_column wpb_content_element\" style=\" max-width: 800px; display: inline-block;\">\n\t<div class=\"wpb_wrapper\">\n\t\t<p>La Sierra Nevada de Santa Marta es reconocida como uno de los lugares m\u00e1s irremplazables del planeta en cuanto a biodiversidad. Su geograf\u00eda \u00fanica permite una alta concentraci\u00f3n de especies end\u00e9micas y casi end\u00e9micas que no se encuentran en ning\u00fan otro lugar.<\/p>\n\t<\/div>\n<\/div>\n\n\n\n\n\t\t\t<\/div> \n\t\t<\/div>\n\t<\/div> \n<\/div><\/div>\n\t\t<div id=\"fws_6a9ac3508f9b0\"  data-column-margin=\"default\" data-midnight=\"dark\"  class=\"wpb_row vc_row-fluid vc_row\"  style=\"padding-top: 0px; padding-bottom: 0px; \"><div class=\"row-bg-wrap\" data-bg-animation=\"none\" data-bg-overlay=\"false\"><div class=\"inner-wrap\"><div class=\"row-bg viewport-desktop\"  style=\"\"><\/div><\/div><\/div><div class=\"row_col_wrap_12 col span_12 dark left\">\n\t<div  class=\"vc_col-sm-8 wpb_column column_container vc_column_container col no-extra-padding inherit_tablet inherit_phone\"  data-padding-pos=\"all\" data-has-bg-color=\"false\" data-bg-color=\"\" data-bg-opacity=\"1\" data-animation=\"\" data-delay=\"0\" >\n\t\t<div class=\"vc_column-inner\" >\n\t\t\t<div class=\"wpb_wrapper\">\n\t\t\t\t\n<div class=\"wpb_text_column wpb_content_element\" style=\" max-width: 800px; display: inline-block;\">\n\t<div class=\"wpb_wrapper\">\n\t\t<ul>\n<li>\n<p data-path-to-node=\"5,0,0\" class=\"translation-block\"><b data-path-to-node=\"5,0,0\" data-index-in-node=\"0\">Biodiversidad en un vistazo:<\/b> Esta regi\u00f3n es el hogar de m\u00e1s de 600 especies de aves, incluyendo m\u00e1s de 35 especies estrictamente end\u00e9micas de esta cadena monta\u00f1osa.<\/p>\n<\/li>\n<li>\n<p data-path-to-node=\"5,1,0\" class=\"translation-block\"><b data-path-to-node=\"5,1,0\" data-index-in-node=\"0\">Especies clave:<\/b> Capture im\u00e1genes de aves ic\u00f3nicas como la <b data-path-to-node=\"5,1,0\" data-index-in-node=\"56\">cotorra de Santa Marta<\/b>, la <b data-path-to-node=\"5,1,0\" data-index-in-node=\"82\">reinita de Santa Marta<\/b>, el <b data-path-to-node=\"5,1,0\" data-index-in-node=\"107\">tororo\u00ed de Santa Marta<\/b> y el majestuoso <b data-path-to-node=\"5,1,0\" data-index-in-node=\"146\">ala de sable de Santa Marta<\/b>.<\/p>\n<\/li>\n<li>\n<p data-path-to-node=\"5,2,0\" class=\"translation-block\"><b data-path-to-node=\"1,0\" data-index-in-node=\"14\">Mejor momento para la fotograf\u00eda:<\/b> Cualquier d\u00eda del a\u00f1o es un gran d\u00eda para tomar fotos aqu\u00ed. Nuestras especies residentes est\u00e1n siempre activas y esperando ser fotografiadas.<\/p>\n<\/li>\n<li>\n<p data-path-to-node=\"5,3,0\" class=\"translation-block\"><b data-path-to-node=\"5,3,0\" data-index-in-node=\"0\">La experiencia:<\/b> Nuestra ubicaci\u00f3n ofrece el equilibrio perfecto: un entorno de bosque de niebla de alta monta\u00f1a que permite sesiones fotogr\u00e1ficas profesionales e \u00edntimas sin las aglomeraciones de los parques nacionales.<\/p>\n<\/li>\n<\/ul>\n\t<\/div>\n<\/div>\n\n\n\n\n\t<div class=\"wpb_gallery wpb_content_element clearfix\">\n\t\t<div class=\"wpb_wrapper\"><div class=\"wpb_gallery_slidesflickity_static_height_style\" data-onclick=\"link_no\" data-interval=\"5\"><style>.wpb_gallery_slidesflickity_static_height_style .nectar-flickity.instace-6a9ac3508fdfc:not(.masonry) .flickity-slider .cell img {\n      height: 500px;\n    }\n    @media only screen and (max-width: 1300px) {\n      .wpb_gallery_slidesflickity_static_height_style .nectar-flickity.instace-6a9ac3508fdfc:not(.masonry) .flickity-slider .cell img {\n        height: 400px;\n      }\n    }\n    @media only screen and (max-width: 1000px) {\n      .wpb_gallery_slidesflickity_static_height_style .nectar-flickity.instace-6a9ac3508fdfc:not(.masonry) .flickity-slider .cell img {\n        height: 350px;\n      }\n    }\n    @media only screen and (max-width: 690px) {\n      .wpb_gallery_slidesflickity_static_height_style .nectar-flickity.instace-6a9ac3508fdfc:not(.masonry) .flickity-slider .cell img {\n        height: 300px;\n      }\n    }<\/style><div class=\"nectar-flickity not-initialized instace-6a9ac3508fdfc\"  data-touch-icon-color=\"default\" data-drag-scale=\"\" data-overflow=\"hidden\" data-wrap=\"wrap\" data-spacing=\"default\" data-shadow=\"none\" data-autoplay=\"\" data-autoplay-dur=\"\" data-free-scroll=\"\" data-controls=\"pagination\"><div class=\"flickity-viewport\"> <div class=\"flickity-slider\"><div class=\"cell\" data-lazy=\"false\"><img loading=\"lazy\" decoding=\"async\" width=\"1024\" height=\"775\" src=\"https:\/\/taorayinareservanatural.com\/wp-content\/uploads\/2026\/07\/Atlapetes_melanocephalus-2-1024x775.webp\" class=\"skip-lazy nectar-lazy attachment-large\" alt=\"\" srcset=\"https:\/\/taorayinareservanatural.com\/wp-content\/uploads\/2026\/07\/Atlapetes_melanocephalus-2-1024x775.webp 1024w, https:\/\/taorayinareservanatural.com\/wp-content\/uploads\/2026\/07\/Atlapetes_melanocephalus-2-300x227.webp 300w, https:\/\/taorayinareservanatural.com\/wp-content\/uploads\/2026\/07\/Atlapetes_melanocephalus-2-768x581.webp 768w, https:\/\/taorayinareservanatural.com\/wp-content\/uploads\/2026\/07\/Atlapetes_melanocephalus-2-16x12.webp 16w, https:\/\/taorayinareservanatural.com\/wp-content\/uploads\/2026\/07\/Atlapetes_melanocephalus-2.webp 1330w\" sizes=\"auto, (max-width: 1024px) 100vw, 1024px\" \/><\/div><div class=\"cell\" data-lazy=\"false\"><img loading=\"lazy\" decoding=\"async\" width=\"1024\" height=\"775\" src=\"https:\/\/taorayinareservanatural.com\/wp-content\/uploads\/2026\/07\/Colibri-estrellita-Santa-Marta-1024x775.webp\" class=\"skip-lazy nectar-lazy attachment-large\" alt=\"\" srcset=\"https:\/\/taorayinareservanatural.com\/wp-content\/uploads\/2026\/07\/Colibri-estrellita-Santa-Marta-1024x775.webp 1024w, https:\/\/taorayinareservanatural.com\/wp-content\/uploads\/2026\/07\/Colibri-estrellita-Santa-Marta-300x227.webp 300w, https:\/\/taorayinareservanatural.com\/wp-content\/uploads\/2026\/07\/Colibri-estrellita-Santa-Marta-768x581.webp 768w, https:\/\/taorayinareservanatural.com\/wp-content\/uploads\/2026\/07\/Colibri-estrellita-Santa-Marta-16x12.webp 16w, https:\/\/taorayinareservanatural.com\/wp-content\/uploads\/2026\/07\/Colibri-estrellita-Santa-Marta.webp 1330w\" sizes=\"auto, (max-width: 1024px) 100vw, 1024px\" \/><\/div><div class=\"cell\" data-lazy=\"false\"><img loading=\"lazy\" decoding=\"async\" width=\"1024\" height=\"775\" src=\"https:\/\/taorayinareservanatural.com\/wp-content\/uploads\/2026\/07\/Hormiguero-de-Santa-Marta-1024x775.webp\" class=\"skip-lazy nectar-lazy attachment-large\" alt=\"\" srcset=\"https:\/\/taorayinareservanatural.com\/wp-content\/uploads\/2026\/07\/Hormiguero-de-Santa-Marta-1024x775.webp 1024w, https:\/\/taorayinareservanatural.com\/wp-content\/uploads\/2026\/07\/Hormiguero-de-Santa-Marta-300x227.webp 300w, https:\/\/taorayinareservanatural.com\/wp-content\/uploads\/2026\/07\/Hormiguero-de-Santa-Marta-768x581.webp 768w, https:\/\/taorayinareservanatural.com\/wp-content\/uploads\/2026\/07\/Hormiguero-de-Santa-Marta-16x12.webp 16w, https:\/\/taorayinareservanatural.com\/wp-content\/uploads\/2026\/07\/Hormiguero-de-Santa-Marta.webp 1330w\" sizes=\"auto, (max-width: 1024px) 100vw, 1024px\" \/><\/div><div class=\"cell\" data-lazy=\"false\"><img loading=\"lazy\" decoding=\"async\" width=\"1024\" height=\"775\" src=\"https:\/\/taorayinareservanatural.com\/wp-content\/uploads\/2026\/07\/Periquito-de-Santa-Marta-1024x775.webp\" class=\"skip-lazy nectar-lazy attachment-large\" alt=\"\" srcset=\"https:\/\/taorayinareservanatural.com\/wp-content\/uploads\/2026\/07\/Periquito-de-Santa-Marta-1024x775.webp 1024w, https:\/\/taorayinareservanatural.com\/wp-content\/uploads\/2026\/07\/Periquito-de-Santa-Marta-300x227.webp 300w, https:\/\/taorayinareservanatural.com\/wp-content\/uploads\/2026\/07\/Periquito-de-Santa-Marta-768x581.webp 768w, https:\/\/taorayinareservanatural.com\/wp-content\/uploads\/2026\/07\/Periquito-de-Santa-Marta-16x12.webp 16w, https:\/\/taorayinareservanatural.com\/wp-content\/uploads\/2026\/07\/Periquito-de-Santa-Marta.webp 1330w\" sizes=\"auto, (max-width: 1024px) 100vw, 1024px\" \/><\/div><div class=\"cell\" data-lazy=\"false\"><img loading=\"lazy\" decoding=\"async\" width=\"1024\" height=\"775\" src=\"https:\/\/taorayinareservanatural.com\/wp-content\/uploads\/2026\/07\/Reinita-de-Santa-Marta-1024x775.webp\" class=\"skip-lazy nectar-lazy attachment-large\" alt=\"\" srcset=\"https:\/\/taorayinareservanatural.com\/wp-content\/uploads\/2026\/07\/Reinita-de-Santa-Marta-1024x775.webp 1024w, https:\/\/taorayinareservanatural.com\/wp-content\/uploads\/2026\/07\/Reinita-de-Santa-Marta-300x227.webp 300w, https:\/\/taorayinareservanatural.com\/wp-content\/uploads\/2026\/07\/Reinita-de-Santa-Marta-768x581.webp 768w, https:\/\/taorayinareservanatural.com\/wp-content\/uploads\/2026\/07\/Reinita-de-Santa-Marta-16x12.webp 16w, https:\/\/taorayinareservanatural.com\/wp-content\/uploads\/2026\/07\/Reinita-de-Santa-Marta.webp 1330w\" sizes=\"auto, (max-width: 1024px) 100vw, 1024px\" \/><\/div><div class=\"cell\" data-lazy=\"false\"><img loading=\"lazy\" decoding=\"async\" width=\"1024\" height=\"775\" src=\"https:\/\/taorayinareservanatural.com\/wp-content\/uploads\/2026\/07\/Tororoi-1024x775.webp\" class=\"skip-lazy nectar-lazy attachment-large\" alt=\"\" srcset=\"https:\/\/taorayinareservanatural.com\/wp-content\/uploads\/2026\/07\/Tororoi-1024x775.webp 1024w, https:\/\/taorayinareservanatural.com\/wp-content\/uploads\/2026\/07\/Tororoi-300x227.webp 300w, https:\/\/taorayinareservanatural.com\/wp-content\/uploads\/2026\/07\/Tororoi-768x581.webp 768w, https:\/\/taorayinareservanatural.com\/wp-content\/uploads\/2026\/07\/Tororoi-16x12.webp 16w, https:\/\/taorayinareservanatural.com\/wp-content\/uploads\/2026\/07\/Tororoi.webp 1330w\" sizes=\"auto, (max-width: 1024px) 100vw, 1024px\" \/><\/div><\/div><\/div><\/div><\/div>\n\t\t<\/div> \n\t<\/div> \n\t\t\t<\/div> \n\t\t<\/div>\n\t<\/div> \n\n\t<div  class=\"vc_col-sm-4 wpb_column column_container vc_column_container col no-extra-padding inherit_tablet inherit_phone\"  data-padding-pos=\"all\" data-has-bg-color=\"false\" data-bg-color=\"\" data-bg-opacity=\"1\" data-animation=\"\" data-delay=\"0\" >\n\t\t<div class=\"vc_column-inner\" >\n\t\t\t<div class=\"wpb_wrapper\">\n\t\t\t\t\n\t\t\t<\/div> \n\t\t<\/div>\n\t<\/div> \n<\/div><\/div>\n\t\t<div id=\"fws_6a9ac35091b99\"  data-column-margin=\"default\" data-midnight=\"dark\"  class=\"wpb_row vc_row-fluid vc_row\"  style=\"padding-top: 0px; padding-bottom: 0px; \"><div class=\"row-bg-wrap\" data-bg-animation=\"none\" data-bg-overlay=\"false\"><div class=\"inner-wrap\"><div class=\"row-bg viewport-desktop\"  style=\"\"><\/div><\/div><\/div><div class=\"row_col_wrap_12 col span_12 dark left\">\n\t<div  class=\"vc_col-sm-8 wpb_column column_container vc_column_container col no-extra-padding inherit_tablet inherit_phone\"  data-padding-pos=\"all\" data-has-bg-color=\"false\" data-bg-color=\"\" data-bg-opacity=\"1\" data-animation=\"\" data-delay=\"0\" >\n\t\t<div class=\"vc_column-inner\" >\n\t\t\t<div class=\"wpb_wrapper\">\n\t\t\t\t\n<div class=\"wpb_text_column wpb_content_element\" style=\" max-width: 800px; display: inline-block;\">\n\t<div class=\"wpb_wrapper\">\n\t\t<p data-path-to-node=\"5,0,0\">\u00bfListo para capturar la belleza de la Sierra? El espacio para grupos de fotograf\u00eda es limitado para garantizar una experiencia respetuosa y tranquila. <b data-path-to-node=\"4,0,0\" data-index-in-node=\"137\">Cont\u00e1ctanos hoy para consultar sobre nuestros paquetes de observaci\u00f3n de aves o para reservar tu plaza.<\/b><\/p>\n\t<\/div>\n<\/div>\n\n\n\n<div class=\"divider-wrap height_tablet_20px height_phone_20px\" data-alignment=\"default\"><div style=\"height: 20px;\" class=\"divider\"><\/div><\/div><div class=\"nectar-cta  alignment_tablet_default alignment_phone_default display_tablet_inherit display_phone_inherit\" data-color=\"default\" data-using-bg=\"false\" data-style=\"arrow-animation\" data-display=\"block\" data-alignment=\"left\" data-text-color=\"std\" ><h6><span class=\"link_wrap\" ><a  class=\"link_text\" href=\"https:\/\/wa.me\/573203454518?text=Hello,%20I&#039;m%20interested%20in%20the%20Observation%20of%20endemic%20birds\"><span class=\"text\">Chatear por WhatsApp<\/span><svg class=\"next-arrow\" aria-hidden=\"true\" width=\"20px\" height=\"25px\" viewbox=\"0 0 50 80\" xml:space=\"preserve\">\n  <polyline stroke=\"#ffffff\" stroke-width=\"9\" fill=\"none\" stroke-linecap=\"round\" stroke-linejoin=\"round\" points=\"0, 0 45, 40 0, 80\"\/>\n  <\/svg>  <span class=\"line\" ><\/span> <\/a><\/span><\/h6><\/div><div class=\"divider-wrap height_tablet_20px height_phone_20px\" data-alignment=\"default\"><div style=\"height: 20px;\" class=\"divider\"><\/div><\/div>\n\t\t\t<\/div> \n\t\t<\/div>\n\t<\/div> \n\n\t<div  class=\"vc_col-sm-4 wpb_column column_container vc_column_container col no-extra-padding inherit_tablet inherit_phone\"  data-padding-pos=\"all\" data-has-bg-color=\"false\" data-bg-color=\"\" data-bg-opacity=\"1\" data-animation=\"\" data-delay=\"0\" >\n\t\t<div class=\"vc_column-inner\" >\n\t\t\t<div class=\"wpb_wrapper\">\n\t\t\t\t\n\t\t\t<\/div> \n\t\t<\/div>\n\t<\/div> \n<\/div><\/div>","protected":false},"excerpt":{"rendered":"Observation of endemic birds The Sierra Nevada de Santa Marta is recognized as one of the most irreplaceable sites for biodiversity on the planet. Its unique geography allows for a...","protected":false},"author":1,"featured_media":0,"parent":0,"menu_order":0,"comment_status":"closed","ping_status":"closed","template":"","meta":{"footnotes":""},"class_list":["post-2150","page","type-page","status-publish"],"yoast_head":"<!-- This site is optimized with the Yoast SEO plugin v26.6 - https:\/\/yoast.com\/wordpress\/plugins\/seo\/ -->\n<title>Observation of endemic birds| Taorayina Reserva Natural<\/title>\n<meta name=\"description\" content=\"Meet our professional yoga instructors at Taorayina. Experience daily practice, mindfulness, and alignment in our open-air shala in the jungle.\" \/>\n<meta name=\"robots\" content=\"index, follow, max-snippet:-1, max-image-preview:large, max-video-preview:-1\" \/>\n<link rel=\"canonical\" href=\"https:\/\/taorayinareservanatural.com\/es\/observation-of-endemic-birds\/\" \/>\n<meta property=\"og:locale\" content=\"es_ES\" \/>\n<meta property=\"og:type\" content=\"article\" \/>\n<meta property=\"og:title\" content=\"Observation of endemic birds| Taorayina Reserva Natural\" \/>\n<meta property=\"og:description\" content=\"Meet our professional yoga instructors at Taorayina. Experience daily practice, mindfulness, and alignment in our open-air shala in the jungle.\" \/>\n<meta property=\"og:url\" content=\"https:\/\/taorayinareservanatural.com\/es\/observation-of-endemic-birds\/\" \/>\n<meta property=\"og:site_name\" content=\"Taorayina Reserva Natural\" \/>\n<meta property=\"article:publisher\" content=\"https:\/\/www.facebook.com\/profile.php?id=100072165767017\" \/>\n<meta property=\"article:modified_time\" content=\"2026-07-17T17:00:24+00:00\" \/>\n<meta property=\"og:image\" content=\"https:\/\/taorayinareservanatural.com\/wp-content\/uploads\/2026\/01\/taorayina-Reserva-natural.jpg\" \/>\n\t<meta property=\"og:image:width\" content=\"1200\" \/>\n\t<meta property=\"og:image:height\" content=\"628\" \/>\n\t<meta property=\"og:image:type\" content=\"image\/jpeg\" \/>\n<meta name=\"twitter:card\" content=\"summary_large_image\" \/>\n<meta name=\"twitter:label1\" content=\"Tiempo de lectura\" \/>\n\t<meta name=\"twitter:data1\" content=\"3 minutos\" \/>\n<script type=\"application\/ld+json\" class=\"yoast-schema-graph\">{\"@context\":\"https:\/\/schema.org\",\"@graph\":[{\"@type\":\"WebPage\",\"@id\":\"https:\/\/taorayinareservanatural.com\/observation-of-endemic-birds\/\",\"url\":\"https:\/\/taorayinareservanatural.com\/observation-of-endemic-birds\/\",\"name\":\"Observation of endemic birds| Taorayina Reserva Natural\",\"isPartOf\":{\"@id\":\"https:\/\/taorayinareservanatural.com\/#website\"},\"datePublished\":\"2026-07-14T23:27:59+00:00\",\"dateModified\":\"2026-07-17T17:00:24+00:00\",\"description\":\"Meet our professional yoga instructors at Taorayina. Experience daily practice, mindfulness, and alignment in our open-air shala in the jungle.\",\"breadcrumb\":{\"@id\":\"https:\/\/taorayinareservanatural.com\/observation-of-endemic-birds\/#breadcrumb\"},\"inLanguage\":\"es-CO\",\"potentialAction\":[{\"@type\":\"ReadAction\",\"target\":[\"https:\/\/taorayinareservanatural.com\/observation-of-endemic-birds\/\"]}]},{\"@type\":\"BreadcrumbList\",\"@id\":\"https:\/\/taorayinareservanatural.com\/observation-of-endemic-birds\/#breadcrumb\",\"itemListElement\":[{\"@type\":\"ListItem\",\"position\":1,\"name\":\"Home\",\"item\":\"https:\/\/taorayinareservanatural.com\/\"},{\"@type\":\"ListItem\",\"position\":2,\"name\":\"Observation of endemic birds\"}]},{\"@type\":\"WebSite\",\"@id\":\"https:\/\/taorayinareservanatural.com\/#website\",\"url\":\"https:\/\/taorayinareservanatural.com\/\",\"name\":\"Taorayina Reserva Natural\",\"description\":\"Taorayina Nature Reserve  A Wellness &amp; Nature Retreat\",\"publisher\":{\"@id\":\"https:\/\/taorayinareservanatural.com\/#organization\"},\"alternateName\":\"Taorayina Reserva Natural\",\"potentialAction\":[{\"@type\":\"SearchAction\",\"target\":{\"@type\":\"EntryPoint\",\"urlTemplate\":\"https:\/\/taorayinareservanatural.com\/?s={search_term_string}\"},\"query-input\":{\"@type\":\"PropertyValueSpecification\",\"valueRequired\":true,\"valueName\":\"search_term_string\"}}],\"inLanguage\":\"es-CO\"},{\"@type\":\"Organization\",\"@id\":\"https:\/\/taorayinareservanatural.com\/#organization\",\"name\":\"Taorayina Reserva Natural\",\"alternateName\":\"Taorayina Reserva Natural\",\"url\":\"https:\/\/taorayinareservanatural.com\/\",\"logo\":{\"@type\":\"ImageObject\",\"inLanguage\":\"es-CO\",\"@id\":\"https:\/\/taorayinareservanatural.com\/#\/schema\/logo\/image\/\",\"url\":\"https:\/\/taorayinareservanatural.com\/wp-content\/uploads\/2025\/11\/taorayinareservanatural_negro.svg\",\"contentUrl\":\"https:\/\/taorayinareservanatural.com\/wp-content\/uploads\/2025\/11\/taorayinareservanatural_negro.svg\",\"width\":360,\"height\":90,\"caption\":\"Taorayina Reserva Natural\"},\"image\":{\"@id\":\"https:\/\/taorayinareservanatural.com\/#\/schema\/logo\/image\/\"},\"sameAs\":[\"https:\/\/www.facebook.com\/profile.php?id=100072165767017\",\"https:\/\/www.instagram.com\/taorayinareservanatural\/\",\"https:\/\/www.tripadvisor.co\/Hotel_Review-g297484-d23650886-Reviews-Taorayina-Santa_Marta_Santa_Marta_Municipality_Magdalena_Department.html\",\"https:\/\/www.hostelworld.com\/es\/hoteles\/p\/312489\/taorayina\/\",\"https:\/\/www.booking.com\/searchresults.es.html?aid=356980&label=gog235jc-10CAsoMkIZdGFvcmF5aW5hLW5hdHVyYWwtcmVzZXJ2ZUgKWANoMogBAZgBM7gBB8gBDNgBA-gBAfgBAYgCAagCAbgCrvDgygbAAgHSAiQ0NTBiMjE5Yi01ZTZmLTRiZjAtYTI3ZS0wNjg1Nzg4MDZlZjXYAgHgAgE&highlighted_hotels=7616745&redirected=1&city=900052033&hlrd=user_sh&source=hotel&expand_sb=1&keep_landing=1&sid=90274836b27aaf98dc9e3e1a91b9427d\"]}]}<\/script>\n<!-- \/ Yoast SEO plugin. -->","yoast_head_json":{"title":"Observation of endemic birds| Taorayina Reserva Natural","description":"Meet our professional yoga instructors at Taorayina. Experience daily practice, mindfulness, and alignment in our open-air shala in the jungle.","robots":{"index":"index","follow":"follow","max-snippet":"max-snippet:-1","max-image-preview":"max-image-preview:large","max-video-preview":"max-video-preview:-1"},"canonical":"https:\/\/taorayinareservanatural.com\/es\/observation-of-endemic-birds\/","og_locale":"es_ES","og_type":"article","og_title":"Observation of endemic birds| Taorayina Reserva Natural","og_description":"Meet our professional yoga instructors at Taorayina. Experience daily practice, mindfulness, and alignment in our open-air shala in the jungle.","og_url":"https:\/\/taorayinareservanatural.com\/es\/observation-of-endemic-birds\/","og_site_name":"Taorayina Reserva Natural","article_publisher":"https:\/\/www.facebook.com\/profile.php?id=100072165767017","article_modified_time":"2026-07-17T17:00:24+00:00","og_image":[{"width":1200,"height":628,"url":"https:\/\/taorayinareservanatural.com\/wp-content\/uploads\/2026\/01\/taorayina-Reserva-natural.jpg","type":"image\/jpeg"}],"twitter_card":"summary_large_image","twitter_misc":{"Tiempo de lectura":"3 minutos"},"schema":{"@context":"https:\/\/schema.org","@graph":[{"@type":"WebPage","@id":"https:\/\/taorayinareservanatural.com\/observation-of-endemic-birds\/","url":"https:\/\/taorayinareservanatural.com\/observation-of-endemic-birds\/","name":"Observation of endemic birds| Taorayina Reserva Natural","isPartOf":{"@id":"https:\/\/taorayinareservanatural.com\/#website"},"datePublished":"2026-07-14T23:27:59+00:00","dateModified":"2026-07-17T17:00:24+00:00","description":"Meet our professional yoga instructors at Taorayina. Experience daily practice, mindfulness, and alignment in our open-air shala in the jungle.","breadcrumb":{"@id":"https:\/\/taorayinareservanatural.com\/observation-of-endemic-birds\/#breadcrumb"},"inLanguage":"es-CO","potentialAction":[{"@type":"ReadAction","target":["https:\/\/taorayinareservanatural.com\/observation-of-endemic-birds\/"]}]},{"@type":"BreadcrumbList","@id":"https:\/\/taorayinareservanatural.com\/observation-of-endemic-birds\/#breadcrumb","itemListElement":[{"@type":"ListItem","position":1,"name":"Home","item":"https:\/\/taorayinareservanatural.com\/"},{"@type":"ListItem","position":2,"name":"Observation of endemic birds"}]},{"@type":"WebSite","@id":"https:\/\/taorayinareservanatural.com\/#website","url":"https:\/\/taorayinareservanatural.com\/","name":"Taorayina Reserva Natural","description":"Taorayina Nature Reserve  A Wellness &amp; Nature Retreat","publisher":{"@id":"https:\/\/taorayinareservanatural.com\/#organization"},"alternateName":"Taorayina Reserva Natural","potentialAction":[{"@type":"SearchAction","target":{"@type":"EntryPoint","urlTemplate":"https:\/\/taorayinareservanatural.com\/?s={search_term_string}"},"query-input":{"@type":"PropertyValueSpecification","valueRequired":true,"valueName":"search_term_string"}}],"inLanguage":"es-CO"},{"@type":"Organization","@id":"https:\/\/taorayinareservanatural.com\/#organization","name":"Taorayina Reserva Natural","alternateName":"Taorayina Reserva Natural","url":"https:\/\/taorayinareservanatural.com\/","logo":{"@type":"ImageObject","inLanguage":"es-CO","@id":"https:\/\/taorayinareservanatural.com\/#\/schema\/logo\/image\/","url":"https:\/\/taorayinareservanatural.com\/wp-content\/uploads\/2025\/11\/taorayinareservanatural_negro.svg","contentUrl":"https:\/\/taorayinareservanatural.com\/wp-content\/uploads\/2025\/11\/taorayinareservanatural_negro.svg","width":360,"height":90,"caption":"Taorayina Reserva Natural"},"image":{"@id":"https:\/\/taorayinareservanatural.com\/#\/schema\/logo\/image\/"},"sameAs":["https:\/\/www.facebook.com\/profile.php?id=100072165767017","https:\/\/www.instagram.com\/taorayinareservanatural\/","https:\/\/www.tripadvisor.co\/Hotel_Review-g297484-d23650886-Reviews-Taorayina-Santa_Marta_Santa_Marta_Municipality_Magdalena_Department.html","https:\/\/www.hostelworld.com\/es\/hoteles\/p\/312489\/taorayina\/","https:\/\/www.booking.com\/searchresults.es.html?aid=356980&label=gog235jc-10CAsoMkIZdGFvcmF5aW5hLW5hdHVyYWwtcmVzZXJ2ZUgKWANoMogBAZgBM7gBB8gBDNgBA-gBAfgBAYgCAagCAbgCrvDgygbAAgHSAiQ0NTBiMjE5Yi01ZTZmLTRiZjAtYTI3ZS0wNjg1Nzg4MDZlZjXYAgHgAgE&highlighted_hotels=7616745&redirected=1&city=900052033&hlrd=user_sh&source=hotel&expand_sb=1&keep_landing=1&sid=90274836b27aaf98dc9e3e1a91b9427d"]}]}},"_links":{"self":[{"href":"https:\/\/taorayinareservanatural.com\/es\/wp-json\/wp\/v2\/pages\/2150","targetHints":{"allow":["GET"]}}],"collection":[{"href":"https:\/\/taorayinareservanatural.com\/es\/wp-json\/wp\/v2\/pages"}],"about":[{"href":"https:\/\/taorayinareservanatural.com\/es\/wp-json\/wp\/v2\/types\/page"}],"author":[{"embeddable":true,"href":"https:\/\/taorayinareservanatural.com\/es\/wp-json\/wp\/v2\/users\/1"}],"replies":[{"embeddable":true,"href":"https:\/\/taorayinareservanatural.com\/es\/wp-json\/wp\/v2\/comments?post=2150"}],"version-history":[{"count":20,"href":"https:\/\/taorayinareservanatural.com\/es\/wp-json\/wp\/v2\/pages\/2150\/revisions"}],"predecessor-version":[{"id":2206,"href":"https:\/\/taorayinareservanatural.com\/es\/wp-json\/wp\/v2\/pages\/2150\/revisions\/2206"}],"wp:attachment":[{"href":"https:\/\/taorayinareservanatural.com\/es\/wp-json\/wp\/v2\/media?parent=2150"}],"curies":[{"name":"wp","href":"https:\/\/api.w.org\/{rel}","templated":true}]}}